{"id":2302,"date":"2022-11-01T10:28:38","date_gmt":"2022-11-01T09:28:38","guid":{"rendered":"https:\/\/www.kornbichler.at\/vereinsbedarf\/?page_id=2302"},"modified":"2022-11-01T10:49:35","modified_gmt":"2022-11-01T09:49:35","slug":"zubehoer","status":"publish","type":"page","link":"https:\/\/www.kornbichler.at\/vereinsbedarf\/zubehoer\/","title":{"rendered":"Zubeh\u00f6r"},"content":{"rendered":"\t\t<div data-elementor-type=\"wp-page\" data-elementor-id=\"2302\" class=\"elementor elementor-2302\">\n\t\t\t\t\t\t<section class=\"elementor-section elementor-top-section elementor-element elementor-element-1ade1fa elementor-section-boxed elementor-section-height-default elementor-section-height-default\" data-id=\"1ade1fa\" data-element_type=\"section\" data-e-type=\"section\">\n\t\t\t\t\t\t<div class=\"elementor-container elementor-column-gap-default\">\n\t\t\t\t\t<div class=\"elementor-column elementor-col-100 elementor-top-column elementor-element elementor-element-e607810\" data-id=\"e607810\" data-element_type=\"column\" data-e-type=\"column\">\n\t\t\t<div class=\"elementor-widget-wrap elementor-element-populated\">\n\t\t\t\t\t\t<div class=\"elementor-element elementor-element-344e29e elementor-widget elementor-widget-wp-widget-ocean_custom_menu\" data-id=\"344e29e\" data-element_type=\"widget\" data-e-type=\"widget\" data-widget_type=\"wp-widget-ocean_custom_menu.default\">\n\t\t\t\t<div class=\"elementor-widget-container\">\n\t\t\t\t\t<style type=\"text\/css\">.ocean_custom_menu-REPLACE_TO_ID > ul > li > a, .custom-menu-widget .ocean_custom_menu-REPLACE_TO_ID .dropdown-menu .sub-menu li a.menu-link{color:#b81c31;font-size:9px;line-height:10px;letter-spacing:0.4px;text-transform:uppercase;}.custom-menu-widget .ocean_custom_menu-REPLACE_TO_ID.oceanwp-custom-menu > ul.click-menu .open-this{color:#b81c31;font-size:9px;}.ocean_custom_menu-REPLACE_TO_ID > ul > li > a:hover, .custom-menu-widget .ocean_custom_menu-REPLACE_TO_ID .dropdown-menu .sub-menu li a.menu-link:hover{color:#cccccc;}.custom-menu-widget .ocean_custom_menu-REPLACE_TO_ID.oceanwp-custom-menu > ul.click-menu .open-this:hover{color:#cccccc;}<\/style><div class=\"oceanwp-custom-menu clr ocean_custom_menu-REPLACE_TO_ID center dropdown-click click-icon\"><ul id=\"menu-detailmenue\" class=\"dropdown-menu click-menu\"><li  id=\"menu-item-1942\" class=\"menu-item menu-item-type-post_type menu-item-object-page menu-item-1942\"><a href=\"https:\/\/www.kornbichler.at\/vereinsbedarf\/produkte-vereinsbedarf-2\/\" class=\"menu-link\">Produkte Vereinsbedarf<\/a><\/li>\n<li  id=\"menu-item-1947\" class=\"menu-item menu-item-type-post_type menu-item-object-page menu-item-1947\"><a href=\"https:\/\/www.kornbichler.at\/vereinsbedarf\/trachtenschuhe-haferlschuhe\/\" class=\"menu-link\">Trachten &#038; Haferlschuhe<\/a><\/li>\n<li  id=\"menu-item-1949\" class=\"menu-item menu-item-type-post_type menu-item-object-page menu-item-1949\"><a href=\"https:\/\/www.kornbichler.at\/vereinsbedarf\/trachtenstutzen\/\" class=\"menu-link\">Trachtenstutzen<\/a><\/li>\n<li  id=\"menu-item-1938\" class=\"menu-item menu-item-type-post_type menu-item-object-page menu-item-1938\"><a href=\"https:\/\/www.kornbichler.at\/vereinsbedarf\/huete\/\" class=\"menu-link\">H\u00fcte<\/a><\/li>\n<li  id=\"menu-item-1936\" class=\"menu-item menu-item-type-post_type menu-item-object-page menu-item-1936\"><a href=\"https:\/\/www.kornbichler.at\/vereinsbedarf\/federn\/\" class=\"menu-link\">Federn<\/a><\/li>\n<li  id=\"menu-item-1940\" class=\"menu-item menu-item-type-post_type menu-item-object-page menu-item-1940\"><a href=\"https:\/\/www.kornbichler.at\/vereinsbedarf\/marketenderfass-banzei\/\" class=\"menu-link\">Marketenderf\u00e4sser &#8211; Banzei<\/a><\/li>\n<li  id=\"menu-item-1934\" class=\"menu-item menu-item-type-post_type menu-item-object-page menu-item-1934\"><a href=\"https:\/\/www.kornbichler.at\/vereinsbedarf\/aermelaufnaeher\/\" class=\"menu-link\">\u00c4rmelaufn\u00e4her<\/a><\/li>\n<li  id=\"menu-item-1946\" class=\"menu-item menu-item-type-post_type menu-item-object-page menu-item-1946\"><a href=\"https:\/\/www.kornbichler.at\/vereinsbedarf\/tambourstaebe\/\" class=\"menu-link\">Tambourst\u00e4be<\/a><\/li>\n<li  id=\"menu-item-1944\" class=\"menu-item menu-item-type-post_type menu-item-object-page menu-item-1944\"><a href=\"https:\/\/www.kornbichler.at\/vereinsbedarf\/schaerpen\/\" class=\"menu-link\">Sch\u00e4rpen<\/a><\/li>\n<li  id=\"menu-item-1948\" class=\"menu-item menu-item-type-post_type menu-item-object-page menu-item-1948\"><a href=\"https:\/\/www.kornbichler.at\/vereinsbedarf\/trachtenhemden-blusen-pfoadl\/\" class=\"menu-link\">Trachtenhemden \u2022 Blusen \u2022 Pfoadl<\/a><\/li>\n<li  id=\"menu-item-1945\" class=\"menu-item menu-item-type-post_type menu-item-object-page menu-item-1945\"><a href=\"https:\/\/www.kornbichler.at\/vereinsbedarf\/schuetzenzubehoer\/\" class=\"menu-link\">Sch\u00fctzenzubeh\u00f6r<\/a><\/li>\n<li  id=\"menu-item-1950\" class=\"menu-item menu-item-type-post_type menu-item-object-page menu-item-1950\"><a href=\"https:\/\/www.kornbichler.at\/vereinsbedarf\/trachtentuecher-binderl-knoepfe\/\" class=\"menu-link\">Trachtent\u00fccher \u2022 Binderl \u2022 Kn\u00f6pfe<\/a><\/li>\n<li  id=\"menu-item-1935\" class=\"menu-item menu-item-type-post_type menu-item-object-page menu-item-1935\"><a href=\"https:\/\/www.kornbichler.at\/vereinsbedarf\/bestickungen\/\" class=\"menu-link\">Bestickungen<\/a><\/li>\n<li  id=\"menu-item-1943\" class=\"menu-item menu-item-type-post_type menu-item-object-page menu-item-1943\"><a href=\"https:\/\/www.kornbichler.at\/vereinsbedarf\/ranzen\/\" class=\"menu-link\">Ranzen<\/a><\/li>\n<li  id=\"menu-item-1951\" class=\"menu-item menu-item-type-post_type menu-item-object-page menu-item-1951\"><a href=\"https:\/\/www.kornbichler.at\/vereinsbedarf\/winterjacken-maentel\/\" class=\"menu-link\">Winterjacken &#038; M\u00e4ntel<\/a><\/li>\n<li  id=\"menu-item-1941\" class=\"menu-item menu-item-type-post_type menu-item-object-page menu-item-1941\"><a href=\"https:\/\/www.kornbichler.at\/vereinsbedarf\/posthorn\/\" class=\"menu-link\">Posthorn<\/a><\/li>\n<li  id=\"menu-item-2166\" class=\"menu-item menu-item-type-post_type menu-item-object-page menu-item-2166\"><a href=\"https:\/\/www.kornbichler.at\/vereinsbedarf\/krawatten\/\" class=\"menu-link\">Krawatten<\/a><\/li>\n<li  id=\"menu-item-2306\" class=\"menu-item menu-item-type-post_type menu-item-object-page menu-item-2306\"><a href=\"https:\/\/www.kornbichler.at\/vereinsbedarf\/zubehoer\/\" class=\"menu-link\">Zubeh\u00f6r<\/a><\/li>\n<\/ul><\/div>\t\t\t\t<script type=\"text\/javascript\">\r\n\t\t\t\t\t( function( $ ) {\r\n\t\t\t\t\t\t$( '.ocean_custom_menu-REPLACE_TO_ID.oceanwp-custom-menu.dropdown-click ul.dropdown-menu' ).each( function() {\r\n\r\n\t\t\t\t\t        var IconDown \t= '<i class=\"fa fa-angle-down\"><\/i>',\r\n\t\t\t\t\t        \tlinkHeight \t= $( this ).find( 'li.menu-item-has-children > a' ).outerHeight(),\r\n\t\t\t\t\t        \ttarget;\r\n\r\n\t\t\t\t\t        $( this ).find( 'li.menu-item-has-children > a' ).prepend( '<div class=\"open-this\">'+ IconDown +'<\/div>' );\r\n\t\t\t\t\t        $( this ).find( 'li.menu-item-has-children > a .open-this' ).css( {\r\n\t\t\t\t\t\t\t\t'line-height' : linkHeight +'px',\r\n\t\t\t\t\t\t\t} );\r\n\r\n\t\t\t\t\t\t\t\/\/ Target\r\n\t\t\t\t\t\t\tif ( $( this ).parent().hasClass( 'click-link' ) ) {\r\n\t\t\t\t\t\t\t\ttarget = $( this ).find( 'li.menu-item-has-children > a' );\r\n\t\t\t\t\t\t\t} else {\r\n\t\t\t\t\t\t\t\ttarget = $( this ).find( '.open-this' );\r\n\t\t\t\t\t\t\t}\r\n\r\n\t\t\t\t\t        target.on( 'click', function() {\r\n\r\n\t\t\t\t\t\t\t\t\/\/ Target\r\n\t\t\t\t\t\t\t\tif ( $( this ).closest( '.ocean_custom_menu-REPLACE_TO_ID.oceanwp-custom-menu.dropdown-click' ).hasClass( 'click-link' ) ) {\r\n\t\t\t\t\t\t\t\t\tvar parent \t\t= $( this ).parent(),\r\n\t\t\t\t\t\t\t\t\t\tIconDown \t= $( this ).find( '.open-this' ).parent().parent(),\r\n\t\t\t\t\t\t\t\t\t\tIconUp \t\t= $( this ).find( '.open-this' ).parent().parent();\r\n\t\t\t\t\t\t\t\t} else {\r\n\t\t\t\t\t\t\t\t\tvar parent \t\t= $( this ).parent().parent(),\r\n\t\t\t\t\t\t\t\t\t\tIconDown \t= $( this ).parent().parent(),\r\n\t\t\t\t\t\t\t\t\t\tIconUp \t\t= $( this ).parent().parent();\r\n\t\t\t\t\t\t\t\t}\r\n\r\n\t\t\t\t\t            if ( parent.hasClass( 'opened' ) ) {\r\n\t\t\t\t\t                IconDown.removeClass( 'opened' ).find( '> ul' ).slideUp( 200 );\r\n\t\t\t\t\t            } else {\r\n\t\t\t\t\t                IconUp.addClass( 'opened' ).find( '> ul' ).slideDown( 200 );\r\n\t\t\t\t\t            }\r\n\r\n\t\t\t\t\t\t\t\t\/\/ Return false\r\n\t\t\t\t\t\t\t\treturn false;\r\n\r\n\t\t\t\t\t        } );\r\n\r\n\t\t\t\t\t    } );\r\n\t\t\t\t\t} )( jQuery );\r\n\t\t\t\t<\/script>\r\n\t\t\t\t\t\t\t<\/div>\n\t\t\t\t<\/div>\n\t\t\t\t\t<\/div>\n\t\t<\/div>\n\t\t\t\t\t<\/div>\n\t\t<\/section>\n\t\t\t\t<section class=\"elementor-section elementor-top-section elementor-element elementor-element-e267b3c elementor-section-boxed elementor-section-height-default elementor-section-height-default\" data-id=\"e267b3c\" data-element_type=\"section\" data-e-type=\"section\">\n\t\t\t\t\t\t<div class=\"elementor-container elementor-column-gap-default\">\n\t\t\t\t\t<div class=\"elementor-column elementor-col-100 elementor-top-column elementor-element elementor-element-c9a52b1\" data-id=\"c9a52b1\" data-element_type=\"column\" data-e-type=\"column\">\n\t\t\t<div class=\"elementor-widget-wrap elementor-element-populated\">\n\t\t\t\t\t\t<div class=\"elementor-element elementor-element-3b4b465 elementor-widget-divider--view-line elementor-widget elementor-widget-divider\" data-id=\"3b4b465\" data-element_type=\"widget\" data-e-type=\"widget\" data-widget_type=\"divider.default\">\n\t\t\t\t<div class=\"elementor-widget-container\">\n\t\t\t\t\t\t\t<div class=\"elementor-divider\">\n\t\t\t<span class=\"elementor-divider-separator\">\n\t\t\t\t\t\t<\/span>\n\t\t<\/div>\n\t\t\t\t\t\t<\/div>\n\t\t\t\t<\/div>\n\t\t\t\t\t<\/div>\n\t\t<\/div>\n\t\t\t\t\t<\/div>\n\t\t<\/section>\n\t\t\t\t<section class=\"elementor-section elementor-top-section elementor-element elementor-element-4d759949 elementor-section-boxed elementor-section-height-default elementor-section-height-default\" data-id=\"4d759949\" data-element_type=\"section\" data-e-type=\"section\">\n\t\t\t\t\t\t<div class=\"elementor-container elementor-column-gap-default\">\n\t\t\t\t\t<div class=\"elementor-column elementor-col-50 elementor-top-column elementor-element elementor-element-4f6b685\" data-id=\"4f6b685\" data-element_type=\"column\" data-e-type=\"column\">\n\t\t\t<div class=\"elementor-widget-wrap elementor-element-populated\">\n\t\t\t\t\t\t<div class=\"elementor-element elementor-element-2570452d elementor-widget elementor-widget-text-editor\" data-id=\"2570452d\" data-element_type=\"widget\" data-e-type=\"widget\" data-widget_type=\"text-editor.default\">\n\t\t\t\t<div class=\"elementor-widget-container\">\n\t\t\t\t\t\t\t\t\t<h1>Zubeh\u00f6r<\/h1><p>Wir vertreiben hochwertiges Zubeh\u00f6r f\u00fcr Vereine in bester Qualit\u00e4t.<\/p><h2>Taferl-Tragegurte &amp; Fahnentr\u00e4gergurte<\/h2><h2>Exerzierhandschuhe in wei\u00df<\/h2><h2>Spezialg\u00fcrtel mit gepr\u00e4gten Adler\u00a0<\/h2><p>\u00a0<\/p>\t\t\t\t\t\t\t\t<\/div>\n\t\t\t\t<\/div>\n\t\t\t\t<div class=\"elementor-element elementor-element-426b369 elementor-widget elementor-widget-testimonial\" data-id=\"426b369\" data-element_type=\"widget\" data-e-type=\"widget\" data-widget_type=\"testimonial.default\">\n\t\t\t\t<div class=\"elementor-widget-container\">\n\t\t\t\t\t\t\t<div class=\"elementor-testimonial-wrapper\">\n\t\t\t\t\t\t\t<div class=\"elementor-testimonial-content\">Wurden Sie auf unseren Produktseiten nicht f\u00fcndig? Die Welt des Zubeh\u00f6rs ist sehr individuell. <span style=\"font-family: Roboto, sans-serif;font-size: 18.200001px;font-style: normal\">Z\u00f6gern Sie nicht uns zu kontaktieren. Wir beraten Sie gerne!<\/span><\/div>\n\t\t\t\n\t\t\t\t\t\t<div class=\"elementor-testimonial-meta elementor-has-image elementor-testimonial-image-position-aside\">\n\t\t\t\t<div class=\"elementor-testimonial-meta-inner\">\n\t\t\t\t\t\t\t\t\t\t\t<div class=\"elementor-testimonial-image\">\n\t\t\t\t\t\t\t<img fetchpriority=\"high\" decoding=\"async\" width=\"644\" height=\"672\" src=\"https:\/\/www.kornbichler.at\/vereinsbedarf\/wp-content\/uploads\/2022\/01\/Siegi.jpg\" class=\"attachment-full size-full wp-image-2023\" alt=\"Portr\u00e4t Siegfried Kornbichler\" srcset=\"https:\/\/www.kornbichler.at\/vereinsbedarf\/wp-content\/uploads\/2022\/01\/Siegi.jpg 644w, https:\/\/www.kornbichler.at\/vereinsbedarf\/wp-content\/uploads\/2022\/01\/Siegi-288x300.jpg 288w\" sizes=\"(max-width: 644px) 100vw, 644px\" \/>\t\t\t\t\t\t<\/div>\n\t\t\t\t\t\n\t\t\t\t\t\t\t\t\t\t<div class=\"elementor-testimonial-details\">\n\t\t\t\t\t\t\t\t\t\t\t\t\t\t<div class=\"elementor-testimonial-name\">Siegfried Kornbichler<\/div>\n\t\t\t\t\t\t\t\t\t\t\t\t\t\t\t\t\t\t\t\t\t\t<div class=\"elementor-testimonial-job\">Spezialist Vereinsbedarf<\/div>\n\t\t\t\t\t\t\t\t\t\t\t\t\t<\/div>\n\t\t\t\t\t\t\t\t\t<\/div>\n\t\t\t<\/div>\n\t\t\t\t\t<\/div>\n\t\t\t\t\t\t<\/div>\n\t\t\t\t<\/div>\n\t\t\t\t\t<\/div>\n\t\t<\/div>\n\t\t\t\t<div class=\"elementor-column elementor-col-50 elementor-top-column elementor-element elementor-element-f154265\" data-id=\"f154265\" data-element_type=\"column\" data-e-type=\"column\">\n\t\t\t<div class=\"elementor-widget-wrap elementor-element-populated\">\n\t\t\t\t\t\t<div class=\"elementor-element elementor-element-e5b0d7d elementor-widget elementor-widget-image\" data-id=\"e5b0d7d\" data-element_type=\"widget\" data-e-type=\"widget\" data-widget_type=\"image.default\">\n\t\t\t\t<div class=\"elementor-widget-container\">\n\t\t\t\t\t\t\t\t\t\t\t\t\t\t\t\t<a href=\"https:\/\/www.kornbichler.at\/vereinsbedarf\/wp-content\/uploads\/2022\/11\/Taferl_Fahnen_Gurt-scaled.jpg\" data-elementor-open-lightbox=\"yes\" data-elementor-lightbox-title=\"Taferl_Fahnen_Gurt\" data-e-action-hash=\"#elementor-action%3Aaction%3Dlightbox%26settings%3DeyJpZCI6MjI5NywidXJsIjoiaHR0cHM6XC9cL3d3dy5rb3JuYmljaGxlci5hdFwvdmVyZWluc2JlZGFyZlwvd3AtY29udGVudFwvdXBsb2Fkc1wvMjAyMlwvMTFcL1RhZmVybF9GYWhuZW5fR3VydC1zY2FsZWQuanBnIn0%3D\">\n\t\t\t\t\t\t\t<img decoding=\"async\" src=\"https:\/\/www.kornbichler.at\/vereinsbedarf\/wp-content\/uploads\/elementor\/thumbs\/Taferl_Fahnen_Gurt-scaled-rlgcjc217qu7zkr6dczft9e3vzsgm8s7zmy9j3fa4g.jpg\" title=\"Taferl_Fahnen_Gurt\" alt=\"Taferl_Fahnen_Gurt\" loading=\"lazy\" \/>\t\t\t\t\t\t\t\t<\/a>\n\t\t\t\t\t\t\t\t\t\t\t\t\t\t\t<\/div>\n\t\t\t\t<\/div>\n\t\t\t\t\t<\/div>\n\t\t<\/div>\n\t\t\t\t\t<\/div>\n\t\t<\/section>\n\t\t\t\t<section class=\"elementor-section elementor-top-section elementor-element elementor-element-91d0527 elementor-section-boxed elementor-section-height-default elementor-section-height-default\" data-id=\"91d0527\" data-element_type=\"section\" data-e-type=\"section\">\n\t\t\t\t\t\t<div class=\"elementor-container elementor-column-gap-default\">\n\t\t\t\t\t<div class=\"elementor-column elementor-col-50 elementor-top-column elementor-element elementor-element-5e1c18e\" data-id=\"5e1c18e\" data-element_type=\"column\" data-e-type=\"column\">\n\t\t\t<div class=\"elementor-widget-wrap elementor-element-populated\">\n\t\t\t\t\t\t<div class=\"elementor-element elementor-element-c9831d8 elementor-widget elementor-widget-image\" data-id=\"c9831d8\" data-element_type=\"widget\" data-e-type=\"widget\" data-widget_type=\"image.default\">\n\t\t\t\t<div class=\"elementor-widget-container\">\n\t\t\t\t\t\t\t\t\t\t\t\t\t\t\t\t<a href=\"https:\/\/www.kornbichler.at\/vereinsbedarf\/wp-content\/uploads\/2022\/01\/Schuetzen_7.jpg\" data-elementor-open-lightbox=\"yes\" data-elementor-lightbox-title=\"Schuetzen_7\" data-e-action-hash=\"#elementor-action%3Aaction%3Dlightbox%26settings%3DeyJpZCI6MTgxNywidXJsIjoiaHR0cHM6XC9cL3d3dy5rb3JuYmljaGxlci5hdFwvdmVyZWluc2JlZGFyZlwvd3AtY29udGVudFwvdXBsb2Fkc1wvMjAyMlwvMDFcL1NjaHVldHplbl83LmpwZyJ9\">\n\t\t\t\t\t\t\t<img decoding=\"async\" width=\"600\" height=\"399\" src=\"https:\/\/www.kornbichler.at\/vereinsbedarf\/wp-content\/uploads\/2022\/01\/Schuetzen_7.jpg\" class=\"attachment-ocean-thumb-m size-ocean-thumb-m wp-image-1817\" alt=\"Sch\u00fctzenzubeh\u00f6r Handschuhe\" srcset=\"https:\/\/www.kornbichler.at\/vereinsbedarf\/wp-content\/uploads\/2022\/01\/Schuetzen_7.jpg 1920w, https:\/\/www.kornbichler.at\/vereinsbedarf\/wp-content\/uploads\/2022\/01\/Schuetzen_7-300x200.jpg 300w, https:\/\/www.kornbichler.at\/vereinsbedarf\/wp-content\/uploads\/2022\/01\/Schuetzen_7-1024x682.jpg 1024w, https:\/\/www.kornbichler.at\/vereinsbedarf\/wp-content\/uploads\/2022\/01\/Schuetzen_7-768x511.jpg 768w, https:\/\/www.kornbichler.at\/vereinsbedarf\/wp-content\/uploads\/2022\/01\/Schuetzen_7-1536x1022.jpg 1536w\" sizes=\"(max-width: 600px) 100vw, 600px\" \/>\t\t\t\t\t\t\t\t<\/a>\n\t\t\t\t\t\t\t\t\t\t\t\t\t\t\t<\/div>\n\t\t\t\t<\/div>\n\t\t\t\t\t<\/div>\n\t\t<\/div>\n\t\t\t\t<div class=\"elementor-column elementor-col-50 elementor-top-column elementor-element elementor-element-f948591\" data-id=\"f948591\" data-element_type=\"column\" data-e-type=\"column\">\n\t\t\t<div class=\"elementor-widget-wrap elementor-element-populated\">\n\t\t\t\t\t\t<div class=\"elementor-element elementor-element-9150fef elementor-widget elementor-widget-image\" data-id=\"9150fef\" data-element_type=\"widget\" data-e-type=\"widget\" data-widget_type=\"image.default\">\n\t\t\t\t<div class=\"elementor-widget-container\">\n\t\t\t\t\t\t\t\t\t\t\t\t\t\t\t\t<a href=\"https:\/\/www.kornbichler.at\/vereinsbedarf\/wp-content\/uploads\/2022\/08\/Schuetzen_Guertel_2.jpg\" data-elementor-open-lightbox=\"yes\" data-elementor-lightbox-title=\"Schuetzen_Guertel_2\" data-e-action-hash=\"#elementor-action%3Aaction%3Dlightbox%26settings%3DeyJpZCI6MjI5MSwidXJsIjoiaHR0cHM6XC9cL3d3dy5rb3JuYmljaGxlci5hdFwvdmVyZWluc2JlZGFyZlwvd3AtY29udGVudFwvdXBsb2Fkc1wvMjAyMlwvMDhcL1NjaHVldHplbl9HdWVydGVsXzIuanBnIn0%3D\">\n\t\t\t\t\t\t\t<img decoding=\"async\" width=\"800\" height=\"450\" src=\"https:\/\/www.kornbichler.at\/vereinsbedarf\/wp-content\/uploads\/2022\/08\/Schuetzen_Guertel_2-800x450.jpg\" class=\"attachment-ocean-thumb-ml size-ocean-thumb-ml wp-image-2291\" alt=\"\" \/>\t\t\t\t\t\t\t\t<\/a>\n\t\t\t\t\t\t\t\t\t\t\t\t\t\t\t<\/div>\n\t\t\t\t<\/div>\n\t\t\t\t\t<\/div>\n\t\t<\/div>\n\t\t\t\t\t<\/div>\n\t\t<\/section>\n\t\t\t\t<\/div>\n\t\t","protected":false},"excerpt":{"rendered":"<p>Zubeh\u00f6r Wir vertreiben hochwertiges Zubeh\u00f6r f\u00fcr Vereine in bester Qualit\u00e4t. Taferl-Tragegurte &amp; Fahnentr\u00e4gergurte Exerzierhandschuhe in wei\u00df Spezialg\u00fcrtel mit gepr\u00e4gten Adler\u00a0 \u00a0 Wurden Sie auf unseren Produktseiten nicht f\u00fcndig? Die Welt des Zubeh\u00f6rs ist sehr individuell. Z\u00f6gern Sie nicht uns zu kontaktieren. Wir beraten Sie gerne! Siegfried Kornbichler Spezialist Vereinsbedarf<\/p>\n","protected":false},"author":1,"featured_media":160,"parent":0,"menu_order":0,"comment_status":"closed","ping_status":"closed","template":"","meta":{"ocean_post_layout":"","ocean_both_sidebars_style":"","ocean_both_sidebars_content_width":0,"ocean_both_sidebars_sidebars_width":0,"ocean_sidebar":"0","ocean_second_sidebar":"0","ocean_disable_margins":"on","ocean_add_body_class":"","ocean_shortcode_before_top_bar":"","ocean_shortcode_after_top_bar":"","ocean_shortcode_before_header":"","ocean_shortcode_after_header":"","ocean_has_shortcode":"","ocean_shortcode_after_title":"","ocean_shortcode_before_footer_widgets":"","ocean_shortcode_after_footer_widgets":"","ocean_shortcode_before_footer_bottom":"","ocean_shortcode_after_footer_bottom":"","ocean_display_top_bar":"default","ocean_display_header":"default","ocean_header_style":"","ocean_center_header_left_menu":"0","ocean_custom_header_template":"0","ocean_custom_logo":0,"ocean_custom_retina_logo":0,"ocean_custom_logo_max_width":0,"ocean_custom_logo_tablet_max_width":0,"ocean_custom_logo_mobile_max_width":0,"ocean_custom_logo_max_height":0,"ocean_custom_logo_tablet_max_height":0,"ocean_custom_logo_mobile_max_height":0,"ocean_header_custom_menu":"0","ocean_menu_typo_font_family":"0","ocean_menu_typo_font_subset":"","ocean_menu_typo_font_size":0,"ocean_menu_typo_font_size_tablet":0,"ocean_menu_typo_font_size_mobile":0,"ocean_menu_typo_font_size_unit":"px","ocean_menu_typo_font_weight":"","ocean_menu_typo_font_weight_tablet":"","ocean_menu_typo_font_weight_mobile":"","ocean_menu_typo_transform":"","ocean_menu_typo_transform_tablet":"","ocean_menu_typo_transform_mobile":"","ocean_menu_typo_line_height":0,"ocean_menu_typo_line_height_tablet":0,"ocean_menu_typo_line_height_mobile":0,"ocean_menu_typo_line_height_unit":"","ocean_menu_typo_spacing":0,"ocean_menu_typo_spacing_tablet":0,"ocean_menu_typo_spacing_mobile":0,"ocean_menu_typo_spacing_unit":"","ocean_menu_link_color":"","ocean_menu_link_color_hover":"","ocean_menu_link_color_active":"","ocean_menu_link_background":"","ocean_menu_link_hover_background":"","ocean_menu_link_active_background":"","ocean_menu_social_links_bg":"","ocean_menu_social_hover_links_bg":"","ocean_menu_social_links_color":"","ocean_menu_social_hover_links_color":"","ocean_disable_title":"default","ocean_disable_heading":"default","ocean_post_title":"","ocean_post_subheading":"","ocean_post_title_style":"","ocean_post_title_background_color":"","ocean_post_title_background":0,"ocean_post_title_bg_image_position":"","ocean_post_title_bg_image_attachment":"","ocean_post_title_bg_image_repeat":"","ocean_post_title_bg_image_size":"","ocean_post_title_height":0,"ocean_post_title_bg_overlay":0.5,"ocean_post_title_bg_overlay_color":"","ocean_disable_breadcrumbs":"default","ocean_breadcrumbs_color":"","ocean_breadcrumbs_separator_color":"","ocean_breadcrumbs_links_color":"","ocean_breadcrumbs_links_hover_color":"","ocean_display_footer_widgets":"default","ocean_display_footer_bottom":"default","ocean_custom_footer_template":"0","footnotes":""},"class_list":["post-2302","page","type-page","status-publish","has-post-thumbnail","hentry","entry","has-media"],"yoast_head":"<!-- This site is optimized with the Yoast SEO plugin v27.5 - https:\/\/yoast.com\/product\/yoast-seo-wordpress\/ -->\n<title>Zubeh\u00f6r - Vereinsbedarf Kornbichler<\/title>\n<meta name=\"description\" content=\"Die Qualit\u00e4t steckt im Detail. Unsere Trachtent\u00fccher k\u00f6nnen aus Seide oder Polyester gefertigt werden.Wir bieten auch Fransent\u00fccher in Bester Qualit\u00e4t an. Fransentuch Seidentuch Trachtentuch Webband\" \/>\n<meta name=\"robots\" content=\"index, follow, max-snippet:-1, max-image-preview:large, max-video-preview:-1\" \/>\n<link rel=\"canonical\" href=\"https:\/\/www.kornbichler.at\/vereinsbedarf\/zubehoer\/\" \/>\n<meta property=\"og:locale\" content=\"de_DE\" \/>\n<meta property=\"og:type\" content=\"article\" \/>\n<meta property=\"og:title\" content=\"Zubeh\u00f6r - Vereinsbedarf Kornbichler\" \/>\n<meta property=\"og:description\" content=\"Die Qualit\u00e4t steckt im Detail. Unsere Trachtent\u00fccher k\u00f6nnen aus Seide oder Polyester gefertigt werden.Wir bieten auch Fransent\u00fccher in Bester Qualit\u00e4t an. Fransentuch Seidentuch Trachtentuch Webband\" \/>\n<meta property=\"og:url\" content=\"https:\/\/www.kornbichler.at\/vereinsbedarf\/zubehoer\/\" \/>\n<meta property=\"og:site_name\" content=\"Vereinsbedarf Kornbichler\" \/>\n<meta property=\"article:modified_time\" content=\"2022-11-01T09:49:35+00:00\" \/>\n<meta name=\"twitter:card\" content=\"summary_large_image\" \/>\n<meta name=\"twitter:label1\" content=\"Gesch\u00e4tzte Lesezeit\" \/>\n\t<meta name=\"twitter:data1\" content=\"3\u00a0Minuten\" \/>\n<script type=\"application\/ld+json\" class=\"yoast-schema-graph\">{\"@context\":\"https:\\\/\\\/schema.org\",\"@graph\":[{\"@type\":\"WebPage\",\"@id\":\"https:\\\/\\\/www.kornbichler.at\\\/vereinsbedarf\\\/zubehoer\\\/\",\"url\":\"https:\\\/\\\/www.kornbichler.at\\\/vereinsbedarf\\\/zubehoer\\\/\",\"name\":\"Zubeh\u00f6r - Vereinsbedarf Kornbichler\",\"isPartOf\":{\"@id\":\"https:\\\/\\\/www.kornbichler.at\\\/vereinsbedarf\\\/#website\"},\"primaryImageOfPage\":{\"@id\":\"https:\\\/\\\/www.kornbichler.at\\\/vereinsbedarf\\\/zubehoer\\\/#primaryimage\"},\"image\":{\"@id\":\"https:\\\/\\\/www.kornbichler.at\\\/vereinsbedarf\\\/zubehoer\\\/#primaryimage\"},\"thumbnailUrl\":\"\",\"datePublished\":\"2022-11-01T09:28:38+00:00\",\"dateModified\":\"2022-11-01T09:49:35+00:00\",\"description\":\"Die Qualit\u00e4t steckt im Detail. Unsere Trachtent\u00fccher k\u00f6nnen aus Seide oder Polyester gefertigt werden.Wir bieten auch Fransent\u00fccher in Bester Qualit\u00e4t an. Fransentuch Seidentuch Trachtentuch Webband\",\"breadcrumb\":{\"@id\":\"https:\\\/\\\/www.kornbichler.at\\\/vereinsbedarf\\\/zubehoer\\\/#breadcrumb\"},\"inLanguage\":\"de\",\"potentialAction\":[{\"@type\":\"ReadAction\",\"target\":[\"https:\\\/\\\/www.kornbichler.at\\\/vereinsbedarf\\\/zubehoer\\\/\"]}]},{\"@type\":\"ImageObject\",\"inLanguage\":\"de\",\"@id\":\"https:\\\/\\\/www.kornbichler.at\\\/vereinsbedarf\\\/zubehoer\\\/#primaryimage\",\"url\":\"\",\"contentUrl\":\"\"},{\"@type\":\"BreadcrumbList\",\"@id\":\"https:\\\/\\\/www.kornbichler.at\\\/vereinsbedarf\\\/zubehoer\\\/#breadcrumb\",\"itemListElement\":[{\"@type\":\"ListItem\",\"position\":1,\"name\":\"Startseite\",\"item\":\"https:\\\/\\\/www.kornbichler.at\\\/vereinsbedarf\\\/\"},{\"@type\":\"ListItem\",\"position\":2,\"name\":\"Zubeh\u00f6r\"}]},{\"@type\":\"WebSite\",\"@id\":\"https:\\\/\\\/www.kornbichler.at\\\/vereinsbedarf\\\/#website\",\"url\":\"https:\\\/\\\/www.kornbichler.at\\\/vereinsbedarf\\\/\",\"name\":\"Vereinsbedarf Kornbichler\",\"description\":\"Der Profi in Sachen Vereinsbedarf und Vereinsausstattung f\u00fcr Ihren Verein\",\"publisher\":{\"@id\":\"https:\\\/\\\/www.kornbichler.at\\\/vereinsbedarf\\\/#organization\"},\"potentialAction\":[{\"@type\":\"SearchAction\",\"target\":{\"@type\":\"EntryPoint\",\"urlTemplate\":\"https:\\\/\\\/www.kornbichler.at\\\/vereinsbedarf\\\/?s={search_term_string}\"},\"query-input\":{\"@type\":\"PropertyValueSpecification\",\"valueRequired\":true,\"valueName\":\"search_term_string\"}}],\"inLanguage\":\"de\"},{\"@type\":\"Organization\",\"@id\":\"https:\\\/\\\/www.kornbichler.at\\\/vereinsbedarf\\\/#organization\",\"name\":\"Vereinsbedarf Kornbichler\",\"url\":\"https:\\\/\\\/www.kornbichler.at\\\/vereinsbedarf\\\/\",\"logo\":{\"@type\":\"ImageObject\",\"inLanguage\":\"de\",\"@id\":\"https:\\\/\\\/www.kornbichler.at\\\/vereinsbedarf\\\/#\\\/schema\\\/logo\\\/image\\\/\",\"url\":\"https:\\\/\\\/www.kornbichler.at\\\/vereinsbedarf\\\/wp-content\\\/uploads\\\/2021\\\/12\\\/Logo_Vereinsbedarf_Kornbichler_einzeln_sp2_zg.png\",\"contentUrl\":\"https:\\\/\\\/www.kornbichler.at\\\/vereinsbedarf\\\/wp-content\\\/uploads\\\/2021\\\/12\\\/Logo_Vereinsbedarf_Kornbichler_einzeln_sp2_zg.png\",\"width\":2283,\"height\":2095,\"caption\":\"Vereinsbedarf Kornbichler\"},\"image\":{\"@id\":\"https:\\\/\\\/www.kornbichler.at\\\/vereinsbedarf\\\/#\\\/schema\\\/logo\\\/image\\\/\"}}]}<\/script>\n<!-- \/ Yoast SEO plugin. -->","yoast_head_json":{"title":"Zubeh\u00f6r - Vereinsbedarf Kornbichler","description":"Die Qualit\u00e4t steckt im Detail. Unsere Trachtent\u00fccher k\u00f6nnen aus Seide oder Polyester gefertigt werden.Wir bieten auch Fransent\u00fccher in Bester Qualit\u00e4t an. Fransentuch Seidentuch Trachtentuch Webband","robots":{"index":"index","follow":"follow","max-snippet":"max-snippet:-1","max-image-preview":"max-image-preview:large","max-video-preview":"max-video-preview:-1"},"canonical":"https:\/\/www.kornbichler.at\/vereinsbedarf\/zubehoer\/","og_locale":"de_DE","og_type":"article","og_title":"Zubeh\u00f6r - Vereinsbedarf Kornbichler","og_description":"Die Qualit\u00e4t steckt im Detail. Unsere Trachtent\u00fccher k\u00f6nnen aus Seide oder Polyester gefertigt werden.Wir bieten auch Fransent\u00fccher in Bester Qualit\u00e4t an. Fransentuch Seidentuch Trachtentuch Webband","og_url":"https:\/\/www.kornbichler.at\/vereinsbedarf\/zubehoer\/","og_site_name":"Vereinsbedarf Kornbichler","article_modified_time":"2022-11-01T09:49:35+00:00","twitter_card":"summary_large_image","twitter_misc":{"Gesch\u00e4tzte Lesezeit":"3\u00a0Minuten"},"schema":{"@context":"https:\/\/schema.org","@graph":[{"@type":"WebPage","@id":"https:\/\/www.kornbichler.at\/vereinsbedarf\/zubehoer\/","url":"https:\/\/www.kornbichler.at\/vereinsbedarf\/zubehoer\/","name":"Zubeh\u00f6r - Vereinsbedarf Kornbichler","isPartOf":{"@id":"https:\/\/www.kornbichler.at\/vereinsbedarf\/#website"},"primaryImageOfPage":{"@id":"https:\/\/www.kornbichler.at\/vereinsbedarf\/zubehoer\/#primaryimage"},"image":{"@id":"https:\/\/www.kornbichler.at\/vereinsbedarf\/zubehoer\/#primaryimage"},"thumbnailUrl":"","datePublished":"2022-11-01T09:28:38+00:00","dateModified":"2022-11-01T09:49:35+00:00","description":"Die Qualit\u00e4t steckt im Detail. Unsere Trachtent\u00fccher k\u00f6nnen aus Seide oder Polyester gefertigt werden.Wir bieten auch Fransent\u00fccher in Bester Qualit\u00e4t an. Fransentuch Seidentuch Trachtentuch Webband","breadcrumb":{"@id":"https:\/\/www.kornbichler.at\/vereinsbedarf\/zubehoer\/#breadcrumb"},"inLanguage":"de","potentialAction":[{"@type":"ReadAction","target":["https:\/\/www.kornbichler.at\/vereinsbedarf\/zubehoer\/"]}]},{"@type":"ImageObject","inLanguage":"de","@id":"https:\/\/www.kornbichler.at\/vereinsbedarf\/zubehoer\/#primaryimage","url":"","contentUrl":""},{"@type":"BreadcrumbList","@id":"https:\/\/www.kornbichler.at\/vereinsbedarf\/zubehoer\/#breadcrumb","itemListElement":[{"@type":"ListItem","position":1,"name":"Startseite","item":"https:\/\/www.kornbichler.at\/vereinsbedarf\/"},{"@type":"ListItem","position":2,"name":"Zubeh\u00f6r"}]},{"@type":"WebSite","@id":"https:\/\/www.kornbichler.at\/vereinsbedarf\/#website","url":"https:\/\/www.kornbichler.at\/vereinsbedarf\/","name":"Vereinsbedarf Kornbichler","description":"Der Profi in Sachen Vereinsbedarf und Vereinsausstattung f\u00fcr Ihren Verein","publisher":{"@id":"https:\/\/www.kornbichler.at\/vereinsbedarf\/#organization"},"potentialAction":[{"@type":"SearchAction","target":{"@type":"EntryPoint","urlTemplate":"https:\/\/www.kornbichler.at\/vereinsbedarf\/?s={search_term_string}"},"query-input":{"@type":"PropertyValueSpecification","valueRequired":true,"valueName":"search_term_string"}}],"inLanguage":"de"},{"@type":"Organization","@id":"https:\/\/www.kornbichler.at\/vereinsbedarf\/#organization","name":"Vereinsbedarf Kornbichler","url":"https:\/\/www.kornbichler.at\/vereinsbedarf\/","logo":{"@type":"ImageObject","inLanguage":"de","@id":"https:\/\/www.kornbichler.at\/vereinsbedarf\/#\/schema\/logo\/image\/","url":"https:\/\/www.kornbichler.at\/vereinsbedarf\/wp-content\/uploads\/2021\/12\/Logo_Vereinsbedarf_Kornbichler_einzeln_sp2_zg.png","contentUrl":"https:\/\/www.kornbichler.at\/vereinsbedarf\/wp-content\/uploads\/2021\/12\/Logo_Vereinsbedarf_Kornbichler_einzeln_sp2_zg.png","width":2283,"height":2095,"caption":"Vereinsbedarf Kornbichler"},"image":{"@id":"https:\/\/www.kornbichler.at\/vereinsbedarf\/#\/schema\/logo\/image\/"}}]}},"_links":{"self":[{"href":"https:\/\/www.kornbichler.at\/vereinsbedarf\/wp-json\/wp\/v2\/pages\/2302","targetHints":{"allow":["GET"]}}],"collection":[{"href":"https:\/\/www.kornbichler.at\/vereinsbedarf\/wp-json\/wp\/v2\/pages"}],"about":[{"href":"https:\/\/www.kornbichler.at\/vereinsbedarf\/wp-json\/wp\/v2\/types\/page"}],"author":[{"embeddable":true,"href":"https:\/\/www.kornbichler.at\/vereinsbedarf\/wp-json\/wp\/v2\/users\/1"}],"replies":[{"embeddable":true,"href":"https:\/\/www.kornbichler.at\/vereinsbedarf\/wp-json\/wp\/v2\/comments?post=2302"}],"version-history":[{"count":0,"href":"https:\/\/www.kornbichler.at\/vereinsbedarf\/wp-json\/wp\/v2\/pages\/2302\/revisions"}],"wp:featuredmedia":[{"embeddable":true,"href":"https:\/\/www.kornbichler.at\/vereinsbedarf\/wp-json\/"}],"wp:attachment":[{"href":"https:\/\/www.kornbichler.at\/vereinsbedarf\/wp-json\/wp\/v2\/media?parent=2302"}],"curies":[{"name":"wp","href":"https:\/\/api.w.org\/{rel}","templated":true}]}}