{"id":1109,"date":"2022-01-10T17:49:22","date_gmt":"2022-01-10T16:49:22","guid":{"rendered":"https:\/\/www.kornbichler.at\/vereinsbedarf\/?page_id=1109"},"modified":"2025-12-22T10:13:51","modified_gmt":"2025-12-22T09:13:51","slug":"trachtenschuhe-haferlschuhe","status":"publish","type":"page","link":"https:\/\/www.kornbichler.at\/vereinsbedarf\/trachtenschuhe-haferlschuhe\/","title":{"rendered":"Trachten &#038; Haferlschuhe"},"content":{"rendered":"\t\t<div data-elementor-type=\"wp-page\" data-elementor-id=\"1109\" class=\"elementor elementor-1109\">\n\t\t\t\t\t\t<section class=\"elementor-section elementor-top-section elementor-element elementor-element-e267b3c elementor-section-boxed elementor-section-height-default elementor-section-height-default\" data-id=\"e267b3c\" data-element_type=\"section\" data-e-type=\"section\">\n\t\t\t\t\t\t<div class=\"elementor-container elementor-column-gap-default\">\n\t\t\t\t\t<div class=\"elementor-column elementor-col-100 elementor-top-column elementor-element elementor-element-c9a52b1\" data-id=\"c9a52b1\" data-element_type=\"column\" data-e-type=\"column\">\n\t\t\t<div class=\"elementor-widget-wrap elementor-element-populated\">\n\t\t\t\t\t\t<div class=\"elementor-element elementor-element-344e29e elementor-widget elementor-widget-wp-widget-ocean_custom_menu\" data-id=\"344e29e\" data-element_type=\"widget\" data-e-type=\"widget\" data-widget_type=\"wp-widget-ocean_custom_menu.default\">\n\t\t\t\t<div class=\"elementor-widget-container\">\n\t\t\t\t\t<style type=\"text\/css\">.ocean_custom_menu-REPLACE_TO_ID > ul > li > a, .custom-menu-widget .ocean_custom_menu-REPLACE_TO_ID .dropdown-menu .sub-menu li a.menu-link{color:#b81c31;font-size:9px;line-height:10px;letter-spacing:0.4px;text-transform:uppercase;}.custom-menu-widget .ocean_custom_menu-REPLACE_TO_ID.oceanwp-custom-menu > ul.click-menu .open-this{color:#b81c31;font-size:9px;}.ocean_custom_menu-REPLACE_TO_ID > ul > li > a:hover, .custom-menu-widget .ocean_custom_menu-REPLACE_TO_ID .dropdown-menu .sub-menu li a.menu-link:hover{color:#cccccc;}.custom-menu-widget .ocean_custom_menu-REPLACE_TO_ID.oceanwp-custom-menu > ul.click-menu .open-this:hover{color:#cccccc;}<\/style><div class=\"oceanwp-custom-menu clr ocean_custom_menu-REPLACE_TO_ID center dropdown-click click-icon\"><ul id=\"menu-detailmenue\" class=\"dropdown-menu click-menu\"><li  id=\"menu-item-1942\" class=\"menu-item menu-item-type-post_type menu-item-object-page menu-item-1942\"><a href=\"https:\/\/www.kornbichler.at\/vereinsbedarf\/produkte-vereinsbedarf-2\/\" class=\"menu-link\">Produkte Vereinsbedarf<\/a><\/li>\n<li  id=\"menu-item-1947\" class=\"menu-item menu-item-type-post_type menu-item-object-page menu-item-1947\"><a href=\"https:\/\/www.kornbichler.at\/vereinsbedarf\/trachtenschuhe-haferlschuhe\/\" class=\"menu-link\">Trachten &#038; Haferlschuhe<\/a><\/li>\n<li  id=\"menu-item-1949\" class=\"menu-item menu-item-type-post_type menu-item-object-page menu-item-1949\"><a href=\"https:\/\/www.kornbichler.at\/vereinsbedarf\/trachtenstutzen\/\" class=\"menu-link\">Trachtenstutzen<\/a><\/li>\n<li  id=\"menu-item-1938\" class=\"menu-item menu-item-type-post_type menu-item-object-page menu-item-1938\"><a href=\"https:\/\/www.kornbichler.at\/vereinsbedarf\/huete\/\" class=\"menu-link\">H\u00fcte<\/a><\/li>\n<li  id=\"menu-item-1936\" class=\"menu-item menu-item-type-post_type menu-item-object-page menu-item-1936\"><a href=\"https:\/\/www.kornbichler.at\/vereinsbedarf\/federn\/\" class=\"menu-link\">Federn<\/a><\/li>\n<li  id=\"menu-item-1940\" class=\"menu-item menu-item-type-post_type menu-item-object-page menu-item-1940\"><a href=\"https:\/\/www.kornbichler.at\/vereinsbedarf\/marketenderfass-banzei\/\" class=\"menu-link\">Marketenderf\u00e4sser &#8211; Banzei<\/a><\/li>\n<li  id=\"menu-item-1934\" class=\"menu-item menu-item-type-post_type menu-item-object-page menu-item-1934\"><a href=\"https:\/\/www.kornbichler.at\/vereinsbedarf\/aermelaufnaeher\/\" class=\"menu-link\">\u00c4rmelaufn\u00e4her<\/a><\/li>\n<li  id=\"menu-item-1946\" class=\"menu-item menu-item-type-post_type menu-item-object-page menu-item-1946\"><a href=\"https:\/\/www.kornbichler.at\/vereinsbedarf\/tambourstaebe\/\" class=\"menu-link\">Tambourst\u00e4be<\/a><\/li>\n<li  id=\"menu-item-1944\" class=\"menu-item menu-item-type-post_type menu-item-object-page menu-item-1944\"><a href=\"https:\/\/www.kornbichler.at\/vereinsbedarf\/schaerpen\/\" class=\"menu-link\">Sch\u00e4rpen<\/a><\/li>\n<li  id=\"menu-item-1948\" class=\"menu-item menu-item-type-post_type menu-item-object-page menu-item-1948\"><a href=\"https:\/\/www.kornbichler.at\/vereinsbedarf\/trachtenhemden-blusen-pfoadl\/\" class=\"menu-link\">Trachtenhemden \u2022 Blusen \u2022 Pfoadl<\/a><\/li>\n<li  id=\"menu-item-1945\" class=\"menu-item menu-item-type-post_type menu-item-object-page menu-item-1945\"><a href=\"https:\/\/www.kornbichler.at\/vereinsbedarf\/schuetzenzubehoer\/\" class=\"menu-link\">Sch\u00fctzenzubeh\u00f6r<\/a><\/li>\n<li  id=\"menu-item-1950\" class=\"menu-item menu-item-type-post_type menu-item-object-page menu-item-1950\"><a href=\"https:\/\/www.kornbichler.at\/vereinsbedarf\/trachtentuecher-binderl-knoepfe\/\" class=\"menu-link\">Trachtent\u00fccher \u2022 Binderl \u2022 Kn\u00f6pfe<\/a><\/li>\n<li  id=\"menu-item-1935\" class=\"menu-item menu-item-type-post_type menu-item-object-page menu-item-1935\"><a href=\"https:\/\/www.kornbichler.at\/vereinsbedarf\/bestickungen\/\" class=\"menu-link\">Bestickungen<\/a><\/li>\n<li  id=\"menu-item-1943\" class=\"menu-item menu-item-type-post_type menu-item-object-page menu-item-1943\"><a href=\"https:\/\/www.kornbichler.at\/vereinsbedarf\/ranzen\/\" class=\"menu-link\">Ranzen<\/a><\/li>\n<li  id=\"menu-item-1951\" class=\"menu-item menu-item-type-post_type menu-item-object-page menu-item-1951\"><a href=\"https:\/\/www.kornbichler.at\/vereinsbedarf\/winterjacken-maentel\/\" class=\"menu-link\">Winterjacken &#038; M\u00e4ntel<\/a><\/li>\n<li  id=\"menu-item-1941\" class=\"menu-item menu-item-type-post_type menu-item-object-page menu-item-1941\"><a href=\"https:\/\/www.kornbichler.at\/vereinsbedarf\/posthorn\/\" class=\"menu-link\">Posthorn<\/a><\/li>\n<li  id=\"menu-item-2166\" class=\"menu-item menu-item-type-post_type menu-item-object-page menu-item-2166\"><a href=\"https:\/\/www.kornbichler.at\/vereinsbedarf\/krawatten\/\" class=\"menu-link\">Krawatten<\/a><\/li>\n<li  id=\"menu-item-2306\" class=\"menu-item menu-item-type-post_type menu-item-object-page menu-item-2306\"><a href=\"https:\/\/www.kornbichler.at\/vereinsbedarf\/zubehoer\/\" class=\"menu-link\">Zubeh\u00f6r<\/a><\/li>\n<\/ul><\/div>\t\t\t\t<script type=\"text\/javascript\">\r\n\t\t\t\t\t( function( $ ) {\r\n\t\t\t\t\t\t$( '.ocean_custom_menu-REPLACE_TO_ID.oceanwp-custom-menu.dropdown-click ul.dropdown-menu' ).each( function() {\r\n\r\n\t\t\t\t\t        var IconDown \t= '<i class=\"fa fa-angle-down\"><\/i>',\r\n\t\t\t\t\t        \tlinkHeight \t= $( this ).find( 'li.menu-item-has-children > a' ).outerHeight(),\r\n\t\t\t\t\t        \ttarget;\r\n\r\n\t\t\t\t\t        $( this ).find( 'li.menu-item-has-children > a' ).prepend( '<div class=\"open-this\">'+ IconDown +'<\/div>' );\r\n\t\t\t\t\t        $( this ).find( 'li.menu-item-has-children > a .open-this' ).css( {\r\n\t\t\t\t\t\t\t\t'line-height' : linkHeight +'px',\r\n\t\t\t\t\t\t\t} );\r\n\r\n\t\t\t\t\t\t\t\/\/ Target\r\n\t\t\t\t\t\t\tif ( $( this ).parent().hasClass( 'click-link' ) ) {\r\n\t\t\t\t\t\t\t\ttarget = $( this ).find( 'li.menu-item-has-children > a' );\r\n\t\t\t\t\t\t\t} else {\r\n\t\t\t\t\t\t\t\ttarget = $( this ).find( '.open-this' );\r\n\t\t\t\t\t\t\t}\r\n\r\n\t\t\t\t\t        target.on( 'click', function() {\r\n\r\n\t\t\t\t\t\t\t\t\/\/ Target\r\n\t\t\t\t\t\t\t\tif ( $( this ).closest( '.ocean_custom_menu-REPLACE_TO_ID.oceanwp-custom-menu.dropdown-click' ).hasClass( 'click-link' ) ) {\r\n\t\t\t\t\t\t\t\t\tvar parent \t\t= $( this ).parent(),\r\n\t\t\t\t\t\t\t\t\t\tIconDown \t= $( this ).find( '.open-this' ).parent().parent(),\r\n\t\t\t\t\t\t\t\t\t\tIconUp \t\t= $( this ).find( '.open-this' ).parent().parent();\r\n\t\t\t\t\t\t\t\t} else {\r\n\t\t\t\t\t\t\t\t\tvar parent \t\t= $( this ).parent().parent(),\r\n\t\t\t\t\t\t\t\t\t\tIconDown \t= $( this ).parent().parent(),\r\n\t\t\t\t\t\t\t\t\t\tIconUp \t\t= $( this ).parent().parent();\r\n\t\t\t\t\t\t\t\t}\r\n\r\n\t\t\t\t\t            if ( parent.hasClass( 'opened' ) ) {\r\n\t\t\t\t\t                IconDown.removeClass( 'opened' ).find( '> ul' ).slideUp( 200 );\r\n\t\t\t\t\t            } else {\r\n\t\t\t\t\t                IconUp.addClass( 'opened' ).find( '> ul' ).slideDown( 200 );\r\n\t\t\t\t\t            }\r\n\r\n\t\t\t\t\t\t\t\t\/\/ Return false\r\n\t\t\t\t\t\t\t\treturn false;\r\n\r\n\t\t\t\t\t        } );\r\n\r\n\t\t\t\t\t    } );\r\n\t\t\t\t\t} )( jQuery );\r\n\t\t\t\t<\/script>\r\n\t\t\t\t\t\t\t<\/div>\n\t\t\t\t<\/div>\n\t\t\t\t<div class=\"elementor-element elementor-element-3b4b465 elementor-widget-divider--view-line elementor-widget elementor-widget-divider\" data-id=\"3b4b465\" data-element_type=\"widget\" data-e-type=\"widget\" data-widget_type=\"divider.default\">\n\t\t\t\t<div class=\"elementor-widget-container\">\n\t\t\t\t\t\t\t<div class=\"elementor-divider\">\n\t\t\t<span class=\"elementor-divider-separator\">\n\t\t\t\t\t\t<\/span>\n\t\t<\/div>\n\t\t\t\t\t\t<\/div>\n\t\t\t\t<\/div>\n\t\t\t\t\t<\/div>\n\t\t<\/div>\n\t\t\t\t\t<\/div>\n\t\t<\/section>\n\t\t\t\t<section class=\"elementor-section elementor-top-section elementor-element elementor-element-14db243 elementor-section-boxed elementor-section-height-default elementor-section-height-default\" data-id=\"14db243\" data-element_type=\"section\" data-e-type=\"section\">\n\t\t\t\t\t\t<div class=\"elementor-container elementor-column-gap-default\">\n\t\t\t\t\t<div class=\"elementor-column elementor-col-100 elementor-top-column elementor-element elementor-element-2e08eb9\" data-id=\"2e08eb9\" data-element_type=\"column\" data-e-type=\"column\">\n\t\t\t<div class=\"elementor-widget-wrap elementor-element-populated\">\n\t\t\t\t\t\t<div class=\"elementor-element elementor-element-c767c65 elementor-widget elementor-widget-image\" data-id=\"c767c65\" data-element_type=\"widget\" data-e-type=\"widget\" data-widget_type=\"image.default\">\n\t\t\t\t<div class=\"elementor-widget-container\">\n\t\t\t\t\t\t\t\t\t\t\t\t\t\t\t<img fetchpriority=\"high\" decoding=\"async\" width=\"1024\" height=\"768\" src=\"https:\/\/www.kornbichler.at\/vereinsbedarf\/wp-content\/uploads\/2025\/12\/Vereinsbedarf_Kornbichler_Trachtenschuhe-1024x768.jpg\" class=\"attachment-large size-large wp-image-2482\" alt=\"\" srcset=\"https:\/\/www.kornbichler.at\/vereinsbedarf\/wp-content\/uploads\/2025\/12\/Vereinsbedarf_Kornbichler_Trachtenschuhe-1024x768.jpg 1024w, https:\/\/www.kornbichler.at\/vereinsbedarf\/wp-content\/uploads\/2025\/12\/Vereinsbedarf_Kornbichler_Trachtenschuhe-300x225.jpg 300w, https:\/\/www.kornbichler.at\/vereinsbedarf\/wp-content\/uploads\/2025\/12\/Vereinsbedarf_Kornbichler_Trachtenschuhe-768x576.jpg 768w, https:\/\/www.kornbichler.at\/vereinsbedarf\/wp-content\/uploads\/2025\/12\/Vereinsbedarf_Kornbichler_Trachtenschuhe-1536x1152.jpg 1536w, https:\/\/www.kornbichler.at\/vereinsbedarf\/wp-content\/uploads\/2025\/12\/Vereinsbedarf_Kornbichler_Trachtenschuhe-1320x990.jpg 1320w, https:\/\/www.kornbichler.at\/vereinsbedarf\/wp-content\/uploads\/2025\/12\/Vereinsbedarf_Kornbichler_Trachtenschuhe.jpg 1920w\" sizes=\"(max-width: 1024px) 100vw, 1024px\" \/>\t\t\t\t\t\t\t\t\t\t\t\t\t\t\t<\/div>\n\t\t\t\t<\/div>\n\t\t\t\t\t<\/div>\n\t\t<\/div>\n\t\t\t\t\t<\/div>\n\t\t<\/section>\n\t\t\t\t<section class=\"elementor-section elementor-top-section elementor-element elementor-element-4d759949 elementor-section-boxed elementor-section-height-default elementor-section-height-default\" data-id=\"4d759949\" data-element_type=\"section\" data-e-type=\"section\">\n\t\t\t\t\t\t<div class=\"elementor-container elementor-column-gap-default\">\n\t\t\t\t\t<div class=\"elementor-column elementor-col-50 elementor-top-column elementor-element elementor-element-4f6b685\" data-id=\"4f6b685\" data-element_type=\"column\" data-e-type=\"column\">\n\t\t\t<div class=\"elementor-widget-wrap elementor-element-populated\">\n\t\t\t\t\t\t<div class=\"elementor-element elementor-element-2570452d elementor-widget elementor-widget-text-editor\" data-id=\"2570452d\" data-element_type=\"widget\" data-e-type=\"widget\" data-widget_type=\"text-editor.default\">\n\t\t\t\t<div class=\"elementor-widget-container\">\n\t\t\t\t\t\t\t\t\t<h1>Trachten &amp; Haferlschuhe<\/h1><h2>Haferlschuhe klassisch<\/h2><p>Unsere Haferlschuhe sind in Bester Qualit\u00e4t zwieflexgen\u00e4ht und aus hochwertigem, echtem Leder. Die Modelle und Formen sind aus der Produktreihe der SAX Modelle. Es sind Gr\u00f6\u00dfen von 35 bis 47 erh\u00e4ltlich. Auch Zwischengr\u00f6\u00dfen sind erh\u00e4ltlich, soda\u00df f\u00fcr jeden Fu\u00df etwas dabei ist.<\/p>\t\t\t\t\t\t\t\t<\/div>\n\t\t\t\t<\/div>\n\t\t\t\t\t<\/div>\n\t\t<\/div>\n\t\t\t\t<div class=\"elementor-column elementor-col-50 elementor-top-column elementor-element elementor-element-f154265\" data-id=\"f154265\" data-element_type=\"column\" data-e-type=\"column\">\n\t\t\t<div class=\"elementor-widget-wrap elementor-element-populated\">\n\t\t\t\t\t\t<div class=\"elementor-element elementor-element-2eb2fe0 elementor-widget elementor-widget-image\" data-id=\"2eb2fe0\" data-element_type=\"widget\" data-e-type=\"widget\" data-widget_type=\"image.default\">\n\t\t\t\t<div class=\"elementor-widget-container\">\n\t\t\t\t\t\t\t\t\t\t\t\t\t\t\t\t<a href=\"https:\/\/www.kornbichler.at\/vereinsbedarf\/wp-content\/uploads\/2022\/01\/Sohle.jpg\" data-elementor-open-lightbox=\"yes\" data-elementor-lightbox-title=\"Sohle\" data-e-action-hash=\"#elementor-action%3Aaction%3Dlightbox%26settings%3DeyJpZCI6MTA2NCwidXJsIjoiaHR0cHM6XC9cL3d3dy5rb3JuYmljaGxlci5hdFwvdmVyZWluc2JlZGFyZlwvd3AtY29udGVudFwvdXBsb2Fkc1wvMjAyMlwvMDFcL1NvaGxlLmpwZyJ9\">\n\t\t\t\t\t\t\t<img decoding=\"async\" width=\"675\" height=\"370\" src=\"https:\/\/www.kornbichler.at\/vereinsbedarf\/wp-content\/uploads\/2022\/01\/Sohle.jpg\" class=\"attachment-large size-large wp-image-1064\" alt=\"Trachtenschuh Sohle Detail\" srcset=\"https:\/\/www.kornbichler.at\/vereinsbedarf\/wp-content\/uploads\/2022\/01\/Sohle.jpg 675w, https:\/\/www.kornbichler.at\/vereinsbedarf\/wp-content\/uploads\/2022\/01\/Sohle-300x164.jpg 300w\" sizes=\"(max-width: 675px) 100vw, 675px\" \/>\t\t\t\t\t\t\t\t<\/a>\n\t\t\t\t\t\t\t\t\t\t\t\t\t\t\t<\/div>\n\t\t\t\t<\/div>\n\t\t\t\t\t<\/div>\n\t\t<\/div>\n\t\t\t\t\t<\/div>\n\t\t<\/section>\n\t\t\t\t<section class=\"elementor-section elementor-top-section elementor-element elementor-element-ea6bf24 elementor-section-boxed elementor-section-height-default elementor-section-height-default\" data-id=\"ea6bf24\" data-element_type=\"section\" data-e-type=\"section\">\n\t\t\t\t\t\t<div class=\"elementor-container elementor-column-gap-default\">\n\t\t\t\t\t<div class=\"elementor-column elementor-col-100 elementor-top-column elementor-element elementor-element-1a17930\" data-id=\"1a17930\" data-element_type=\"column\" data-e-type=\"column\">\n\t\t\t<div class=\"elementor-widget-wrap elementor-element-populated\">\n\t\t\t\t\t\t<div class=\"elementor-element elementor-element-21883f2 elementor-widget elementor-widget-text-editor\" data-id=\"21883f2\" data-element_type=\"widget\" data-e-type=\"widget\" data-widget_type=\"text-editor.default\">\n\t\t\t\t<div class=\"elementor-widget-container\">\n\t\t\t\t\t\t\t\t\t<p><div  id=\"jtg-1056\" class=\"modula modula-gallery modula-creative-gallery\" data-config=\"{&quot;height&quot;:1000,&quot;tabletHeight&quot;:1000,&quot;mobileHeight&quot;:1000,&quot;desktopHeight&quot;:1000,&quot;enableTwitter&quot;:false,&quot;enableWhatsapp&quot;:false,&quot;enableFacebook&quot;:false,&quot;enablePinterest&quot;:false,&quot;enableLinkedin&quot;:false,&quot;enableEmail&quot;:false,&quot;randomFactor&quot;:0,&quot;type&quot;:&quot;creative-gallery&quot;,&quot;columns&quot;:12,&quot;gutter&quot;:10,&quot;mobileGutter&quot;:10,&quot;tabletGutter&quot;:10,&quot;desktopGutter&quot;:10,&quot;enableResponsive&quot;:&quot;0&quot;,&quot;tabletColumns&quot;:2,&quot;mobileColumns&quot;:1,&quot;lazyLoad&quot;:0,&quot;lightboxOpts&quot;:{&quot;animated&quot;:true,&quot;Thumbs&quot;:{&quot;type&quot;:&quot;modern&quot;,&quot;showOnStart&quot;:false},&quot;Toolbar&quot;:{&quot;display&quot;:{&quot;right&quot;:[&quot;close&quot;]},&quot;enabled&quot;:true},&quot;Carousel&quot;:{&quot;Panzoom&quot;:{&quot;touch&quot;:true},&quot;infinite&quot;:false},&quot;keyboard&quot;:{&quot;Escape&quot;:&quot;close&quot;,&quot;Delete&quot;:&quot;close&quot;,&quot;Backspace&quot;:&quot;close&quot;,&quot;PageUp&quot;:false,&quot;PageDown&quot;:false,&quot;ArrowUp&quot;:false,&quot;ArrowDown&quot;:false,&quot;ArrowRight&quot;:false,&quot;ArrowLeft&quot;:false},&quot;touch&quot;:false,&quot;backdropClick&quot;:false,&quot;l10n&quot;:{&quot;CLOSE&quot;:&quot;Schlie\\u00dfen&quot;,&quot;NEXT&quot;:&quot;Weiter&quot;,&quot;PREV&quot;:&quot;Zur\\u00fcck&quot;,&quot;Error&quot;:&quot;Der angeforderte Inhalt kann nicht geladen werden. Bitte versuche es sp\\u00e4ter noch einmal.&quot;,&quot;PLAY_START&quot;:&quot;Slideshow starten&quot;,&quot;PLAY_STOP&quot;:&quot;Slideshow anhalten&quot;,&quot;FULL_SCREEN&quot;:&quot;Vollbild&quot;,&quot;THUMBS&quot;:&quot;Vorschaubilder&quot;,&quot;DOWNLOAD&quot;:&quot;Download&quot;,&quot;SHARE&quot;:&quot;Teilen&quot;,&quot;ZOOM&quot;:&quot;Vergr\\u00f6\\u00dfern&quot;,&quot;EMAIL&quot;:&quot;Hier ist der Link zum Bild: %%image_link%% und hier ist der Link zur Galerie: %%gallery_link%%&quot;,&quot;MODAL&quot;:&quot;Du kannst diesen Modal-Inhalt mit der ESC-Taste schlie\\u00dfen&quot;,&quot;ERROR&quot;:&quot;Es ist ein Fehler aufgetreten. Bitte versuche es sp\\u00e4ter noch einmal&quot;,&quot;IMAGE_ERROR&quot;:&quot;Bild nicht gefunden&quot;,&quot;ELEMENT_NOT_FOUND&quot;:&quot;HTML-Element nicht gefunden&quot;,&quot;AJAX_NOT_FOUND&quot;:&quot;Fehler beim Laden von AJAX: Nicht gefunden&quot;,&quot;AJAX_FORBIDDEN&quot;:&quot;Fehler beim Laden von AJAX: Zugriff verweigert&quot;,&quot;IFRAME_ERROR&quot;:&quot;Fehler beim Laden der Seite&quot;,&quot;TOGGLE_ZOOM&quot;:&quot;Zoomstufe umschalten&quot;,&quot;TOGGLE_THUMBS&quot;:&quot;Miniaturansichten ein-\\\/ausblenden&quot;,&quot;TOGGLE_SLIDESHOW&quot;:&quot;Diashow ein-\\\/ausschalten&quot;,&quot;TOGGLE_FULLSCREEN&quot;:&quot;Vollbildmodus umschalten&quot;},&quot;Images&quot;:{&quot;Panzoom&quot;:{&quot;maxScale&quot;:2}},&quot;mainClass&quot;:&quot;modula-fancybox-container modula-lightbox-jtg-1056&quot;,&quot;Html&quot;:{&quot;videoAutoplay&quot;:0,&quot;videoTpl&quot;:&quot;&lt;video class=\\&quot;fancybox__html5video\\&quot; controls muted playsinline controlsList controlsList=\\&quot;nodownload\\&quot; poster=\\&quot;{{poster}}\\&quot; src=\\&quot;{{src}}\\&quot; type=\\&quot;{{format}}\\&quot; &gt;  Sorry, your browser doesn&#039;t support embedded videos, &lt;a href=\\&quot;{{src}}\\&quot;&gt; download &lt;\\\/a&gt; and watch with your favorite video player! &lt;\\\/video&gt;&quot;}},&quot;inView&quot;:false,&quot;email_subject&quot;:&quot;Check out this awesome image !!&quot;,&quot;email_message&quot;:&quot;Here is the link to the image : %%image_link%% and this is the link to the gallery : %%gallery_link%%&quot;,&quot;lightbox&quot;:&quot;fancybox&quot;}\">\n\n\t\n\t<div  class=\"modula-items\">\n\t\t<div class=\"modula-item\" >\n\t<div class=\"modula-item-content\">\n\t\t\n\t\t\t\t\t<a data-image-id=\"1057\" role=\"button\" data-elementor-open-lightbox=\"no\" tabindex=\"0\" rel=\"jtg-1056\" data-caption=\"\" aria-label=\"Bilder in Lightbox \u00f6ffnen\" class=\"tile-inner modula-item-link\"><\/a>\n\t\t\n\t\t<img decoding=\"async\" class=\"pic wp-image-1057\"  data-valign=\"middle\" data-halign=\"center\" alt=\"Trachtenschuh 118\" data-full=\"https:\/\/www.kornbichler.at\/vereinsbedarf\/wp-content\/uploads\/2022\/01\/Schuh_118.jpg\" title=\"Schuh_118\" crop=\"\" width=\"450\" height=\"275\" src=\"https:\/\/www.kornbichler.at\/vereinsbedarf\/wp-content\/uploads\/2022\/01\/Schuh_118.jpg\" data-src=\"https:\/\/www.kornbichler.at\/vereinsbedarf\/wp-content\/uploads\/2022\/01\/Schuh_118.jpg\" data-caption=\"\" srcset=\"https:\/\/www.kornbichler.at\/vereinsbedarf\/wp-content\/uploads\/2022\/01\/Schuh_118.jpg 450w, https:\/\/www.kornbichler.at\/vereinsbedarf\/wp-content\/uploads\/2022\/01\/Schuh_118-300x183.jpg 300w\" sizes=\"(max-width: 450px) 100vw, 450px\" \/>\n\t<\/div>\n\n<\/div><div class=\"modula-item\" >\n\t<div class=\"modula-item-content\">\n\t\t\n\t\t\t\t\t<a data-image-id=\"1058\" role=\"button\" data-elementor-open-lightbox=\"no\" tabindex=\"0\" rel=\"jtg-1056\" data-caption=\"\" aria-label=\"Bilder in Lightbox \u00f6ffnen\" class=\"tile-inner modula-item-link\"><\/a>\n\t\t\n\t\t<img loading=\"lazy\" decoding=\"async\" class=\"pic wp-image-1058\"  data-valign=\"middle\" data-halign=\"center\" alt=\"Trachtenschuh 506\" data-full=\"https:\/\/www.kornbichler.at\/vereinsbedarf\/wp-content\/uploads\/2022\/01\/Schuh_506.jpg\" title=\"Schuh_506\" crop=\"\" width=\"475\" height=\"275\" src=\"https:\/\/www.kornbichler.at\/vereinsbedarf\/wp-content\/uploads\/2022\/01\/Schuh_506.jpg\" data-src=\"https:\/\/www.kornbichler.at\/vereinsbedarf\/wp-content\/uploads\/2022\/01\/Schuh_506.jpg\" data-caption=\"\" srcset=\"https:\/\/www.kornbichler.at\/vereinsbedarf\/wp-content\/uploads\/2022\/01\/Schuh_506.jpg 475w, https:\/\/www.kornbichler.at\/vereinsbedarf\/wp-content\/uploads\/2022\/01\/Schuh_506-300x174.jpg 300w\" sizes=\"(max-width: 475px) 100vw, 475px\" \/>\n\t<\/div>\n\n<\/div><div class=\"modula-item\" >\n\t<div class=\"modula-item-content\">\n\t\t\n\t\t\t\t\t<a data-image-id=\"1059\" role=\"button\" data-elementor-open-lightbox=\"no\" tabindex=\"0\" rel=\"jtg-1056\" data-caption=\"\" aria-label=\"Bilder in Lightbox \u00f6ffnen\" class=\"tile-inner modula-item-link\"><\/a>\n\t\t\n\t\t<img loading=\"lazy\" decoding=\"async\" class=\"pic wp-image-1059\"  data-valign=\"middle\" data-halign=\"center\" alt=\"Trachtenschuh 507\" data-full=\"https:\/\/www.kornbichler.at\/vereinsbedarf\/wp-content\/uploads\/2022\/01\/Schuh_507.jpg\" title=\"Schuh_507\" crop=\"\" width=\"475\" height=\"275\" src=\"https:\/\/www.kornbichler.at\/vereinsbedarf\/wp-content\/uploads\/2022\/01\/Schuh_507.jpg\" data-src=\"https:\/\/www.kornbichler.at\/vereinsbedarf\/wp-content\/uploads\/2022\/01\/Schuh_507.jpg\" data-caption=\"\" srcset=\"https:\/\/www.kornbichler.at\/vereinsbedarf\/wp-content\/uploads\/2022\/01\/Schuh_507.jpg 475w, https:\/\/www.kornbichler.at\/vereinsbedarf\/wp-content\/uploads\/2022\/01\/Schuh_507-300x174.jpg 300w\" sizes=\"(max-width: 475px) 100vw, 475px\" \/>\n\t<\/div>\n\n<\/div><div class=\"modula-item\" >\n\t<div class=\"modula-item-content\">\n\t\t\n\t\t\t\t\t<a data-image-id=\"1060\" role=\"button\" data-elementor-open-lightbox=\"no\" tabindex=\"0\" rel=\"jtg-1056\" data-caption=\"\" aria-label=\"Bilder in Lightbox \u00f6ffnen\" class=\"tile-inner modula-item-link\"><\/a>\n\t\t\n\t\t<img loading=\"lazy\" decoding=\"async\" class=\"pic wp-image-1060\"  data-valign=\"middle\" data-halign=\"center\" alt=\"Trachtenschuh 508\" data-full=\"https:\/\/www.kornbichler.at\/vereinsbedarf\/wp-content\/uploads\/2022\/01\/Schuh_508.jpg\" title=\"Schuh_508\" crop=\"\" width=\"475\" height=\"275\" src=\"https:\/\/www.kornbichler.at\/vereinsbedarf\/wp-content\/uploads\/2022\/01\/Schuh_508.jpg\" data-src=\"https:\/\/www.kornbichler.at\/vereinsbedarf\/wp-content\/uploads\/2022\/01\/Schuh_508.jpg\" data-caption=\"\" srcset=\"https:\/\/www.kornbichler.at\/vereinsbedarf\/wp-content\/uploads\/2022\/01\/Schuh_508.jpg 475w, https:\/\/www.kornbichler.at\/vereinsbedarf\/wp-content\/uploads\/2022\/01\/Schuh_508-300x174.jpg 300w\" sizes=\"(max-width: 475px) 100vw, 475px\" \/>\n\t<\/div>\n\n<\/div><div class=\"modula-item\" >\n\t<div class=\"modula-item-content\">\n\t\t\n\t\t\t\t\t<a data-image-id=\"1061\" role=\"button\" data-elementor-open-lightbox=\"no\" tabindex=\"0\" rel=\"jtg-1056\" data-caption=\"\" aria-label=\"Bilder in Lightbox \u00f6ffnen\" class=\"tile-inner modula-item-link\"><\/a>\n\t\t\n\t\t<img loading=\"lazy\" decoding=\"async\" class=\"pic wp-image-1061\"  data-valign=\"middle\" data-halign=\"center\" alt=\"Trachtenschuh 513\" data-full=\"https:\/\/www.kornbichler.at\/vereinsbedarf\/wp-content\/uploads\/2022\/01\/Schuh_513.jpg\" title=\"Schuh_513\" crop=\"\" width=\"475\" height=\"275\" src=\"https:\/\/www.kornbichler.at\/vereinsbedarf\/wp-content\/uploads\/2022\/01\/Schuh_513.jpg\" data-src=\"https:\/\/www.kornbichler.at\/vereinsbedarf\/wp-content\/uploads\/2022\/01\/Schuh_513.jpg\" data-caption=\"\" srcset=\"https:\/\/www.kornbichler.at\/vereinsbedarf\/wp-content\/uploads\/2022\/01\/Schuh_513.jpg 475w, https:\/\/www.kornbichler.at\/vereinsbedarf\/wp-content\/uploads\/2022\/01\/Schuh_513-300x174.jpg 300w\" sizes=\"(max-width: 475px) 100vw, 475px\" \/>\n\t<\/div>\n\n<\/div><div class=\"modula-item\" >\n\t<div class=\"modula-item-content\">\n\t\t\n\t\t\t\t\t<a data-image-id=\"1062\" role=\"button\" data-elementor-open-lightbox=\"no\" tabindex=\"0\" rel=\"jtg-1056\" data-caption=\"\" aria-label=\"Bilder in Lightbox \u00f6ffnen\" class=\"tile-inner modula-item-link\"><\/a>\n\t\t\n\t\t<img loading=\"lazy\" decoding=\"async\" class=\"pic wp-image-1062\"  data-valign=\"middle\" data-halign=\"center\" alt=\"Trachtenschuh 515\" data-full=\"https:\/\/www.kornbichler.at\/vereinsbedarf\/wp-content\/uploads\/2022\/01\/Schuh_515.jpg\" title=\"Schuh_515\" crop=\"\" width=\"475\" height=\"275\" src=\"https:\/\/www.kornbichler.at\/vereinsbedarf\/wp-content\/uploads\/2022\/01\/Schuh_515.jpg\" data-src=\"https:\/\/www.kornbichler.at\/vereinsbedarf\/wp-content\/uploads\/2022\/01\/Schuh_515.jpg\" data-caption=\"\" srcset=\"https:\/\/www.kornbichler.at\/vereinsbedarf\/wp-content\/uploads\/2022\/01\/Schuh_515.jpg 475w, https:\/\/www.kornbichler.at\/vereinsbedarf\/wp-content\/uploads\/2022\/01\/Schuh_515-300x174.jpg 300w\" sizes=\"(max-width: 475px) 100vw, 475px\" \/>\n\t<\/div>\n\n<\/div><div class=\"modula-item\" >\n\t<div class=\"modula-item-content\">\n\t\t\n\t\t\t\t\t<a data-image-id=\"1496\" role=\"button\" data-elementor-open-lightbox=\"no\" tabindex=\"0\" rel=\"jtg-1056\" data-caption=\"\" aria-label=\"Bilder in Lightbox \u00f6ffnen\" class=\"tile-inner modula-item-link\"><\/a>\n\t\t\n\t\t<img loading=\"lazy\" decoding=\"async\" class=\"pic wp-image-1496\"  data-valign=\"middle\" data-halign=\"center\" alt=\"Trachtenpumps\" data-full=\"https:\/\/www.kornbichler.at\/vereinsbedarf\/wp-content\/uploads\/2022\/01\/Damenschuhe1.jpg\" title=\"Damenschuhe1\" crop=\"\" width=\"650\" height=\"433\" src=\"https:\/\/www.kornbichler.at\/vereinsbedarf\/wp-content\/uploads\/2022\/01\/Damenschuhe1.jpg\" data-src=\"https:\/\/www.kornbichler.at\/vereinsbedarf\/wp-content\/uploads\/2022\/01\/Damenschuhe1.jpg\" data-caption=\"\" srcset=\"https:\/\/www.kornbichler.at\/vereinsbedarf\/wp-content\/uploads\/2022\/01\/Damenschuhe1.jpg 650w, https:\/\/www.kornbichler.at\/vereinsbedarf\/wp-content\/uploads\/2022\/01\/Damenschuhe1-300x200.jpg 300w\" sizes=\"(max-width: 650px) 100vw, 650px\" \/>\n\t<\/div>\n\n<\/div>\t\t\n\t<\/div>\n\n\t\n\t\n\t<script type=\"application\/ld+json\">\n\t{\n\t\t\"@context\": \"http:\/\/schema.org\",\n\t\t\"@type\"   : \"ImageGallery\",\n\t\t\"id\"      : \"https:\/\/www.kornbichler.at\/vereinsbedarf\/trachtenschuhe-haferlschuhe\/\",\n\t\t\"url\"     : \"https:\/\/www.kornbichler.at\/vereinsbedarf\/trachtenschuhe-haferlschuhe\/\"\n\t}\n\n\t<\/script>\n\n\t\n<\/div>\n<\/p>\t\t\t\t\t\t\t\t<\/div>\n\t\t\t\t<\/div>\n\t\t\t\t\t<\/div>\n\t\t<\/div>\n\t\t\t\t\t<\/div>\n\t\t<\/section>\n\t\t\t\t<\/div>\n\t\t","protected":false},"excerpt":{"rendered":"<p>Trachten &amp; Haferlschuhe Haferlschuhe klassisch Unsere Haferlschuhe sind in Bester Qualit\u00e4t zwieflexgen\u00e4ht und aus hochwertigem, echtem Leder. Die Modelle und Formen sind aus der Produktreihe der SAX Modelle. Es sind Gr\u00f6\u00dfen von 35 bis 47 erh\u00e4ltlich. Auch Zwischengr\u00f6\u00dfen sind erh\u00e4ltlich, soda\u00df f\u00fcr jeden Fu\u00df etwas dabei ist.<\/p>\n","protected":false},"author":1,"featured_media":160,"parent":0,"menu_order":0,"comment_status":"closed","ping_status":"closed","template":"","meta":{"ocean_post_layout":"","ocean_both_sidebars_style":"","ocean_both_sidebars_content_width":0,"ocean_both_sidebars_sidebars_width":0,"ocean_sidebar":"0","ocean_second_sidebar":"0","ocean_disable_margins":"on","ocean_add_body_class":"","ocean_shortcode_before_top_bar":"","ocean_shortcode_after_top_bar":"","ocean_shortcode_before_header":"","ocean_shortcode_after_header":"","ocean_has_shortcode":"","ocean_shortcode_after_title":"","ocean_shortcode_before_footer_widgets":"","ocean_shortcode_after_footer_widgets":"","ocean_shortcode_before_footer_bottom":"","ocean_shortcode_after_footer_bottom":"","ocean_display_top_bar":"default","ocean_display_header":"default","ocean_header_style":"","ocean_center_header_left_menu":"0","ocean_custom_header_template":"0","ocean_custom_logo":0,"ocean_custom_retina_logo":0,"ocean_custom_logo_max_width":0,"ocean_custom_logo_tablet_max_width":0,"ocean_custom_logo_mobile_max_width":0,"ocean_custom_logo_max_height":0,"ocean_custom_logo_tablet_max_height":0,"ocean_custom_logo_mobile_max_height":0,"ocean_header_custom_menu":"0","ocean_menu_typo_font_family":"0","ocean_menu_typo_font_subset":"","ocean_menu_typo_font_size":0,"ocean_menu_typo_font_size_tablet":0,"ocean_menu_typo_font_size_mobile":0,"ocean_menu_typo_font_size_unit":"px","ocean_menu_typo_font_weight":"","ocean_menu_typo_font_weight_tablet":"","ocean_menu_typo_font_weight_mobile":"","ocean_menu_typo_transform":"","ocean_menu_typo_transform_tablet":"","ocean_menu_typo_transform_mobile":"","ocean_menu_typo_line_height":0,"ocean_menu_typo_line_height_tablet":0,"ocean_menu_typo_line_height_mobile":0,"ocean_menu_typo_line_height_unit":"","ocean_menu_typo_spacing":0,"ocean_menu_typo_spacing_tablet":0,"ocean_menu_typo_spacing_mobile":0,"ocean_menu_typo_spacing_unit":"","ocean_menu_link_color":"","ocean_menu_link_color_hover":"","ocean_menu_link_color_active":"","ocean_menu_link_background":"","ocean_menu_link_hover_background":"","ocean_menu_link_active_background":"","ocean_menu_social_links_bg":"","ocean_menu_social_hover_links_bg":"","ocean_menu_social_links_color":"","ocean_menu_social_hover_links_color":"","ocean_disable_title":"default","ocean_disable_heading":"default","ocean_post_title":"","ocean_post_subheading":"","ocean_post_title_style":"","ocean_post_title_background_color":"","ocean_post_title_background":0,"ocean_post_title_bg_image_position":"","ocean_post_title_bg_image_attachment":"","ocean_post_title_bg_image_repeat":"","ocean_post_title_bg_image_size":"","ocean_post_title_height":0,"ocean_post_title_bg_overlay":0.5,"ocean_post_title_bg_overlay_color":"","ocean_disable_breadcrumbs":"default","ocean_breadcrumbs_color":"","ocean_breadcrumbs_separator_color":"","ocean_breadcrumbs_links_color":"","ocean_breadcrumbs_links_hover_color":"","ocean_display_footer_widgets":"default","ocean_display_footer_bottom":"default","ocean_custom_footer_template":"0","footnotes":""},"class_list":["post-1109","page","type-page","status-publish","has-post-thumbnail","hentry","entry","has-media"],"yoast_head":"<!-- This site is optimized with the Yoast SEO plugin v27.5 - https:\/\/yoast.com\/product\/yoast-seo-wordpress\/ -->\n<title>Trachten &amp; Haferlschuhe - Vereinsbedarf Kornbichler<\/title>\n<meta name=\"description\" content=\"Unsere Haferlschuhe sind in Bester Qualit\u00e4t zwieflexgen\u00e4ht und aus hochwertigem, echtem Leder. Die Modelle und Formen sind aus der Produktreihe der SAX Modelle. Es sind Gr\u00f6\u00dfen von 35 bis 47 erh\u00e4ltlich. Auch Zwischengr\u00f6\u00dfen sind erh\u00e4ltlich, soda\u00df f\u00fcr jeden Fu\u00df etwas dabei ist. Vereinsschuhe zwieflexgen\u00e4ht Halbgr\u00f6\u00dfen \u00dcbergr\u00f6\u00dfen\" \/>\n<meta name=\"robots\" content=\"index, follow, max-snippet:-1, max-image-preview:large, max-video-preview:-1\" \/>\n<link rel=\"canonical\" href=\"https:\/\/www.kornbichler.at\/vereinsbedarf\/trachtenschuhe-haferlschuhe\/\" \/>\n<meta property=\"og:locale\" content=\"de_DE\" \/>\n<meta property=\"og:type\" content=\"article\" \/>\n<meta property=\"og:title\" content=\"Trachten &amp; Haferlschuhe - Vereinsbedarf Kornbichler\" \/>\n<meta property=\"og:description\" content=\"Unsere Haferlschuhe sind in Bester Qualit\u00e4t zwieflexgen\u00e4ht und aus hochwertigem, echtem Leder. Die Modelle und Formen sind aus der Produktreihe der SAX Modelle. Es sind Gr\u00f6\u00dfen von 35 bis 47 erh\u00e4ltlich. Auch Zwischengr\u00f6\u00dfen sind erh\u00e4ltlich, soda\u00df f\u00fcr jeden Fu\u00df etwas dabei ist. Vereinsschuhe zwieflexgen\u00e4ht Halbgr\u00f6\u00dfen \u00dcbergr\u00f6\u00dfen\" \/>\n<meta property=\"og:url\" content=\"https:\/\/www.kornbichler.at\/vereinsbedarf\/trachtenschuhe-haferlschuhe\/\" \/>\n<meta property=\"og:site_name\" content=\"Vereinsbedarf Kornbichler\" \/>\n<meta property=\"article:modified_time\" content=\"2025-12-22T09:13:51+00:00\" \/>\n<meta name=\"twitter:card\" content=\"summary_large_image\" \/>\n<meta name=\"twitter:label1\" content=\"Gesch\u00e4tzte Lesezeit\" \/>\n\t<meta name=\"twitter:data1\" content=\"4\u00a0Minuten\" \/>\n<script type=\"application\/ld+json\" class=\"yoast-schema-graph\">{\"@context\":\"https:\\\/\\\/schema.org\",\"@graph\":[{\"@type\":\"WebPage\",\"@id\":\"https:\\\/\\\/www.kornbichler.at\\\/vereinsbedarf\\\/trachtenschuhe-haferlschuhe\\\/\",\"url\":\"https:\\\/\\\/www.kornbichler.at\\\/vereinsbedarf\\\/trachtenschuhe-haferlschuhe\\\/\",\"name\":\"Trachten & Haferlschuhe - Vereinsbedarf Kornbichler\",\"isPartOf\":{\"@id\":\"https:\\\/\\\/www.kornbichler.at\\\/vereinsbedarf\\\/#website\"},\"primaryImageOfPage\":{\"@id\":\"https:\\\/\\\/www.kornbichler.at\\\/vereinsbedarf\\\/trachtenschuhe-haferlschuhe\\\/#primaryimage\"},\"image\":{\"@id\":\"https:\\\/\\\/www.kornbichler.at\\\/vereinsbedarf\\\/trachtenschuhe-haferlschuhe\\\/#primaryimage\"},\"thumbnailUrl\":\"\",\"datePublished\":\"2022-01-10T16:49:22+00:00\",\"dateModified\":\"2025-12-22T09:13:51+00:00\",\"description\":\"Unsere Haferlschuhe sind in Bester Qualit\u00e4t zwieflexgen\u00e4ht und aus hochwertigem, echtem Leder. Die Modelle und Formen sind aus der Produktreihe der SAX Modelle. Es sind Gr\u00f6\u00dfen von 35 bis 47 erh\u00e4ltlich. Auch Zwischengr\u00f6\u00dfen sind erh\u00e4ltlich, soda\u00df f\u00fcr jeden Fu\u00df etwas dabei ist. Vereinsschuhe zwieflexgen\u00e4ht Halbgr\u00f6\u00dfen \u00dcbergr\u00f6\u00dfen\",\"breadcrumb\":{\"@id\":\"https:\\\/\\\/www.kornbichler.at\\\/vereinsbedarf\\\/trachtenschuhe-haferlschuhe\\\/#breadcrumb\"},\"inLanguage\":\"de\",\"potentialAction\":[{\"@type\":\"ReadAction\",\"target\":[\"https:\\\/\\\/www.kornbichler.at\\\/vereinsbedarf\\\/trachtenschuhe-haferlschuhe\\\/\"]}]},{\"@type\":\"ImageObject\",\"inLanguage\":\"de\",\"@id\":\"https:\\\/\\\/www.kornbichler.at\\\/vereinsbedarf\\\/trachtenschuhe-haferlschuhe\\\/#primaryimage\",\"url\":\"\",\"contentUrl\":\"\"},{\"@type\":\"BreadcrumbList\",\"@id\":\"https:\\\/\\\/www.kornbichler.at\\\/vereinsbedarf\\\/trachtenschuhe-haferlschuhe\\\/#breadcrumb\",\"itemListElement\":[{\"@type\":\"ListItem\",\"position\":1,\"name\":\"Startseite\",\"item\":\"https:\\\/\\\/www.kornbichler.at\\\/vereinsbedarf\\\/\"},{\"@type\":\"ListItem\",\"position\":2,\"name\":\"Trachten &#038; Haferlschuhe\"}]},{\"@type\":\"WebSite\",\"@id\":\"https:\\\/\\\/www.kornbichler.at\\\/vereinsbedarf\\\/#website\",\"url\":\"https:\\\/\\\/www.kornbichler.at\\\/vereinsbedarf\\\/\",\"name\":\"Vereinsbedarf Kornbichler\",\"description\":\"Der Profi in Sachen Vereinsbedarf und Vereinsausstattung f\u00fcr Ihren Verein\",\"publisher\":{\"@id\":\"https:\\\/\\\/www.kornbichler.at\\\/vereinsbedarf\\\/#organization\"},\"potentialAction\":[{\"@type\":\"SearchAction\",\"target\":{\"@type\":\"EntryPoint\",\"urlTemplate\":\"https:\\\/\\\/www.kornbichler.at\\\/vereinsbedarf\\\/?s={search_term_string}\"},\"query-input\":{\"@type\":\"PropertyValueSpecification\",\"valueRequired\":true,\"valueName\":\"search_term_string\"}}],\"inLanguage\":\"de\"},{\"@type\":\"Organization\",\"@id\":\"https:\\\/\\\/www.kornbichler.at\\\/vereinsbedarf\\\/#organization\",\"name\":\"Vereinsbedarf Kornbichler\",\"url\":\"https:\\\/\\\/www.kornbichler.at\\\/vereinsbedarf\\\/\",\"logo\":{\"@type\":\"ImageObject\",\"inLanguage\":\"de\",\"@id\":\"https:\\\/\\\/www.kornbichler.at\\\/vereinsbedarf\\\/#\\\/schema\\\/logo\\\/image\\\/\",\"url\":\"https:\\\/\\\/www.kornbichler.at\\\/vereinsbedarf\\\/wp-content\\\/uploads\\\/2021\\\/12\\\/Logo_Vereinsbedarf_Kornbichler_einzeln_sp2_zg.png\",\"contentUrl\":\"https:\\\/\\\/www.kornbichler.at\\\/vereinsbedarf\\\/wp-content\\\/uploads\\\/2021\\\/12\\\/Logo_Vereinsbedarf_Kornbichler_einzeln_sp2_zg.png\",\"width\":2283,\"height\":2095,\"caption\":\"Vereinsbedarf Kornbichler\"},\"image\":{\"@id\":\"https:\\\/\\\/www.kornbichler.at\\\/vereinsbedarf\\\/#\\\/schema\\\/logo\\\/image\\\/\"}}]}<\/script>\n<!-- \/ Yoast SEO plugin. -->","yoast_head_json":{"title":"Trachten & Haferlschuhe - Vereinsbedarf Kornbichler","description":"Unsere Haferlschuhe sind in Bester Qualit\u00e4t zwieflexgen\u00e4ht und aus hochwertigem, echtem Leder. Die Modelle und Formen sind aus der Produktreihe der SAX Modelle. Es sind Gr\u00f6\u00dfen von 35 bis 47 erh\u00e4ltlich. Auch Zwischengr\u00f6\u00dfen sind erh\u00e4ltlich, soda\u00df f\u00fcr jeden Fu\u00df etwas dabei ist. Vereinsschuhe zwieflexgen\u00e4ht Halbgr\u00f6\u00dfen \u00dcbergr\u00f6\u00dfen","robots":{"index":"index","follow":"follow","max-snippet":"max-snippet:-1","max-image-preview":"max-image-preview:large","max-video-preview":"max-video-preview:-1"},"canonical":"https:\/\/www.kornbichler.at\/vereinsbedarf\/trachtenschuhe-haferlschuhe\/","og_locale":"de_DE","og_type":"article","og_title":"Trachten & Haferlschuhe - Vereinsbedarf Kornbichler","og_description":"Unsere Haferlschuhe sind in Bester Qualit\u00e4t zwieflexgen\u00e4ht und aus hochwertigem, echtem Leder. Die Modelle und Formen sind aus der Produktreihe der SAX Modelle. Es sind Gr\u00f6\u00dfen von 35 bis 47 erh\u00e4ltlich. Auch Zwischengr\u00f6\u00dfen sind erh\u00e4ltlich, soda\u00df f\u00fcr jeden Fu\u00df etwas dabei ist. Vereinsschuhe zwieflexgen\u00e4ht Halbgr\u00f6\u00dfen \u00dcbergr\u00f6\u00dfen","og_url":"https:\/\/www.kornbichler.at\/vereinsbedarf\/trachtenschuhe-haferlschuhe\/","og_site_name":"Vereinsbedarf Kornbichler","article_modified_time":"2025-12-22T09:13:51+00:00","twitter_card":"summary_large_image","twitter_misc":{"Gesch\u00e4tzte Lesezeit":"4\u00a0Minuten"},"schema":{"@context":"https:\/\/schema.org","@graph":[{"@type":"WebPage","@id":"https:\/\/www.kornbichler.at\/vereinsbedarf\/trachtenschuhe-haferlschuhe\/","url":"https:\/\/www.kornbichler.at\/vereinsbedarf\/trachtenschuhe-haferlschuhe\/","name":"Trachten & Haferlschuhe - Vereinsbedarf Kornbichler","isPartOf":{"@id":"https:\/\/www.kornbichler.at\/vereinsbedarf\/#website"},"primaryImageOfPage":{"@id":"https:\/\/www.kornbichler.at\/vereinsbedarf\/trachtenschuhe-haferlschuhe\/#primaryimage"},"image":{"@id":"https:\/\/www.kornbichler.at\/vereinsbedarf\/trachtenschuhe-haferlschuhe\/#primaryimage"},"thumbnailUrl":"","datePublished":"2022-01-10T16:49:22+00:00","dateModified":"2025-12-22T09:13:51+00:00","description":"Unsere Haferlschuhe sind in Bester Qualit\u00e4t zwieflexgen\u00e4ht und aus hochwertigem, echtem Leder. Die Modelle und Formen sind aus der Produktreihe der SAX Modelle. Es sind Gr\u00f6\u00dfen von 35 bis 47 erh\u00e4ltlich. Auch Zwischengr\u00f6\u00dfen sind erh\u00e4ltlich, soda\u00df f\u00fcr jeden Fu\u00df etwas dabei ist. Vereinsschuhe zwieflexgen\u00e4ht Halbgr\u00f6\u00dfen \u00dcbergr\u00f6\u00dfen","breadcrumb":{"@id":"https:\/\/www.kornbichler.at\/vereinsbedarf\/trachtenschuhe-haferlschuhe\/#breadcrumb"},"inLanguage":"de","potentialAction":[{"@type":"ReadAction","target":["https:\/\/www.kornbichler.at\/vereinsbedarf\/trachtenschuhe-haferlschuhe\/"]}]},{"@type":"ImageObject","inLanguage":"de","@id":"https:\/\/www.kornbichler.at\/vereinsbedarf\/trachtenschuhe-haferlschuhe\/#primaryimage","url":"","contentUrl":""},{"@type":"BreadcrumbList","@id":"https:\/\/www.kornbichler.at\/vereinsbedarf\/trachtenschuhe-haferlschuhe\/#breadcrumb","itemListElement":[{"@type":"ListItem","position":1,"name":"Startseite","item":"https:\/\/www.kornbichler.at\/vereinsbedarf\/"},{"@type":"ListItem","position":2,"name":"Trachten &#038; Haferlschuhe"}]},{"@type":"WebSite","@id":"https:\/\/www.kornbichler.at\/vereinsbedarf\/#website","url":"https:\/\/www.kornbichler.at\/vereinsbedarf\/","name":"Vereinsbedarf Kornbichler","description":"Der Profi in Sachen Vereinsbedarf und Vereinsausstattung f\u00fcr Ihren Verein","publisher":{"@id":"https:\/\/www.kornbichler.at\/vereinsbedarf\/#organization"},"potentialAction":[{"@type":"SearchAction","target":{"@type":"EntryPoint","urlTemplate":"https:\/\/www.kornbichler.at\/vereinsbedarf\/?s={search_term_string}"},"query-input":{"@type":"PropertyValueSpecification","valueRequired":true,"valueName":"search_term_string"}}],"inLanguage":"de"},{"@type":"Organization","@id":"https:\/\/www.kornbichler.at\/vereinsbedarf\/#organization","name":"Vereinsbedarf Kornbichler","url":"https:\/\/www.kornbichler.at\/vereinsbedarf\/","logo":{"@type":"ImageObject","inLanguage":"de","@id":"https:\/\/www.kornbichler.at\/vereinsbedarf\/#\/schema\/logo\/image\/","url":"https:\/\/www.kornbichler.at\/vereinsbedarf\/wp-content\/uploads\/2021\/12\/Logo_Vereinsbedarf_Kornbichler_einzeln_sp2_zg.png","contentUrl":"https:\/\/www.kornbichler.at\/vereinsbedarf\/wp-content\/uploads\/2021\/12\/Logo_Vereinsbedarf_Kornbichler_einzeln_sp2_zg.png","width":2283,"height":2095,"caption":"Vereinsbedarf Kornbichler"},"image":{"@id":"https:\/\/www.kornbichler.at\/vereinsbedarf\/#\/schema\/logo\/image\/"}}]}},"_links":{"self":[{"href":"https:\/\/www.kornbichler.at\/vereinsbedarf\/wp-json\/wp\/v2\/pages\/1109","targetHints":{"allow":["GET"]}}],"collection":[{"href":"https:\/\/www.kornbichler.at\/vereinsbedarf\/wp-json\/wp\/v2\/pages"}],"about":[{"href":"https:\/\/www.kornbichler.at\/vereinsbedarf\/wp-json\/wp\/v2\/types\/page"}],"author":[{"embeddable":true,"href":"https:\/\/www.kornbichler.at\/vereinsbedarf\/wp-json\/wp\/v2\/users\/1"}],"replies":[{"embeddable":true,"href":"https:\/\/www.kornbichler.at\/vereinsbedarf\/wp-json\/wp\/v2\/comments?post=1109"}],"version-history":[{"count":3,"href":"https:\/\/www.kornbichler.at\/vereinsbedarf\/wp-json\/wp\/v2\/pages\/1109\/revisions"}],"predecessor-version":[{"id":2488,"href":"https:\/\/www.kornbichler.at\/vereinsbedarf\/wp-json\/wp\/v2\/pages\/1109\/revisions\/2488"}],"wp:featuredmedia":[{"embeddable":true,"href":"https:\/\/www.kornbichler.at\/vereinsbedarf\/wp-json\/"}],"wp:attachment":[{"href":"https:\/\/www.kornbichler.at\/vereinsbedarf\/wp-json\/wp\/v2\/media?parent=1109"}],"curies":[{"name":"wp","href":"https:\/\/api.w.org\/{rel}","templated":true}]}}